{"id":2652,"date":"2017-10-16T15:26:29","date_gmt":"2017-10-16T13:26:29","guid":{"rendered":"https:\/\/www.olisoldebre.com\/producto\/aureum-100-farg-250-ml\/"},"modified":"2018-05-03T09:53:05","modified_gmt":"2018-05-03T08:53:05","slug":"aureum-100-farg-250-ml","status":"publish","type":"product","link":"https:\/\/www.olisoldebre.com\/ca\/producto\/aureum-100-farg-250-ml\/","title":{"rendered":"Oli d&#8217;oliva verge extra Aureum 100% Farg 250 ml"},"content":{"rendered":"<h3>Proc\u00e9s d&#8217;elaboraci\u00f3<\/h3>\n<p>En el proc\u00e9s d&#8217;elaboraci\u00f3 de l&#8217;oli d&#8217;<strong>oliva verge extra Aureum 100% Farg 250 ml<\/strong> hi ha una especial cura des del cultiu de l&#8217;olivera i la recol\u00b7lecci\u00f3 de l&#8217;oliva fins a la recepci\u00f3 i elaboraci\u00f3 de l&#8217;oli per a obtenir un producte final amb unes condicions organol\u00e8ptiques excel\u00b7lents.<\/p>\n<p>Les olives fargues es recullen directament de l&#8217;arbre en el punt just de maduraci\u00f3 i nom\u00e9s mitjan\u00e7ant processos mec\u00e0nics perqu\u00e8 l&#8217;oli resultant no estigui alterat i conservi tots els antioxidants i les vitamines.<\/p>\n<p>Totes les olives que s&#8217;envasen sota aquesta marca s\u00f3n seleccionades pels nostres especialistes al camp i, un cop arriben a les nostres instal\u00b7lacions, s\u00f3n processades immediatament per minimitzar-ne el deteriorament organol\u00e8ptic i preservar-ne la frescor. Perqu\u00e8 les olives no pateixin un llarg emmagatzematge, durant la recol\u00b7lecci\u00f3 treballem les 24 hores del dia a l&#8217;alm\u00e0ssera.<\/p>\n<p>A m\u00e9s a m\u00e9s, cada ampolla est\u00e0 numerada i ha passat un exhaustiu control de qualitat realitzat pel Consell Regulador de la Denominaci\u00f3 d&#8217;Origen Protegida de l&#8217;Oli del Baix Ebre-Montsi\u00e0 per a obtenir el certificat de <strong>DOP<\/strong>.<\/p>\n<h3><strong>Composici\u00f3 varietal\u00a0<\/strong><\/h3>\n<p>Varietat 100% farga.<\/p>\n<h3><strong>Nota de tast\u00a0<\/strong><\/h3>\n<p>\u00c9s un oli molt complex, amb gust afruitat d&#8217;olives verdes fresques. Entra dol\u00e7 en boca, amarg, picant progressiu i una mica astringent. T\u00e9 aromes de ma\u00e7ana verda, pl\u00e0tan verd i herba acabada de tallar.<\/p>\n<h3>Condicions \u00f2ptimes de conservaci\u00f3<\/h3>\n<p>En un lloc fresc i fosc de temperatura constant (13-17\u00baC) i protegit de vibracions. Consum preferent abans d&#8217;un any.<\/p>\n<h3>Grau d&#8217;acidesa<\/h3>\n<p><strong>&lt;0,4\u00ba<\/strong><\/p>\n<table>\n<tbody>\n<tr>\n<th><span style=\"font-weight: normal;\">INFORMACI\u00d3 NUTRICIONAL PER 100 g<\/span><\/th>\n<th><center><span style=\"font-weight: normal;\">NUTRICI\u00d3<\/span><\/center><\/th>\n<\/tr>\n<tr>\n<td>Valor energ\u00e8tic<\/td>\n<td><center>3.700 kj\/900 kcal<\/center><\/td>\n<\/tr>\n<tr>\n<td>Greixos totals<\/td>\n<td><center>100 g<center><\/center><\/center><\/td>\n<\/tr>\n<tr>\n<td colspan=\"2\">dels quals<\/td>\n<\/tr>\n<tr>\n<td>&#8211; \u00e0cids grassos saturats<\/td>\n<td><center>14 g<\/center><\/td>\n<\/tr>\n<tr>\n<td>&#8211; \u00e0cids grassos monoinsaturats<\/td>\n<td><center>77 g<\/center><\/td>\n<\/tr>\n<tr>\n<td>&#8211; \u00e0cids grassos poliinsaturats<\/td>\n<td><center>9 g<\/center><\/td>\n<\/tr>\n<tr>\n<td>Hidrats de carboni, dels quals<\/td>\n<td><center>0 g<\/center><\/td>\n<\/tr>\n<tr>\n<td>&#8211; <span style=\"font-weight: 400;\">sucres<\/span><\/td>\n<td><center>0 g<\/center><\/td>\n<\/tr>\n<tr>\n<td>prote\u00efnes<\/td>\n<td><center>0 g<\/center><\/td>\n<\/tr>\n<tr>\n<td>sal<\/td>\n<td><center>0 g<\/center><\/td>\n<\/tr>\n<\/tbody>\n<\/table>\n","protected":false},"excerpt":{"rendered":"<p class=\"first-description\">Aqu\u00ed pots comprar l&#8217;<strong>oli d&#8217;oliva verge extra Aureum 100% Farg 250 ml<\/strong>. Un dels productes m\u00e9s selectes d&#8217;OliSoldebre. Es presenta en una petita capsa de cart\u00f3 amb una ampolla de vidre dissenyada especialment per a regalar i tamb\u00e9 per a usar a la cuina.<\/p>\n<p>L&#8217;oli d&#8217;oliva verge extra Aureum 100% Farg \u00e9s un <strong>OOVE<\/strong> monovarietal amb un grau d&#8217;<strong>acidesa &lt;0,4\u00ba<\/strong>. Elaborat nom\u00e9s amb la varietat d&#8217;oliva farga, \u00e9s un oli poc aspre, m\u00e9s <strong>equilibrat en dol\u00e7or, amargor i picant<\/strong> que les varietats morrut i sevillenca. D&#8217;un afruitat mitj\u00e0-alt, hi predominen les aromes tipus verd com herba i pell de pl\u00e0tan per sobre de les de tipus madur com pl\u00e0tan i ma\u00e7ana.<\/p>\n<p>Molt apreciat per xefs i gurmets per a donar un toc exquisit a qualsevol recepta, aquest delici\u00f3s i arom\u00e0tic OOVE amb <strong>DOP Baix Ebre-Montsi\u00e0<\/strong> \u00e9s ideal per a carxofes i formatges blancs.<\/p>\n","protected":false},"featured_media":2016,"comment_status":"closed","ping_status":"closed","template":"","meta":[],"product_cat":[108],"product_tag":[],"class_list":{"0":"post-2652","1":"product","2":"type-product","3":"status-publish","4":"has-post-thumbnail","6":"product_cat-comprar-oli-doliva-verge-extra-aureum","8":"first","9":"instock","10":"taxable","11":"shipping-taxable","12":"purchasable","13":"product-type-simple"},"yoast_head":"<!-- This site is optimized with the Yoast SEO plugin v26.8 - https:\/\/yoast.com\/product\/yoast-seo-wordpress\/ -->\n<title>Oli d&#039;oliva verge extra Aureum 100% Farg 250 ml - OliSoldebre<\/title>\n<meta name=\"description\" content=\"A la botiga en l\u00ednia OliSoldebre pots comprar oli d&#039;oliva verge extra Aureum 100% Farg 250 ml. Descobreix aquest selecte OOVE monovarietal de disseny.\" \/>\n<meta name=\"robots\" content=\"index, follow, max-snippet:-1, max-image-preview:large, max-video-preview:-1\" \/>\n<link rel=\"canonical\" href=\"https:\/\/www.olisoldebre.com\/ca\/producto\/aureum-100-farg-250-ml\/\" \/>\n<meta property=\"og:locale\" content=\"ca_ES\" \/>\n<meta property=\"og:type\" content=\"article\" \/>\n<meta property=\"og:title\" content=\"Oli d&#039;oliva verge extra Aureum 100% Farg 250 ml - OliSoldebre\" \/>\n<meta property=\"og:description\" content=\"A la botiga en l\u00ednia OliSoldebre pots comprar oli d&#039;oliva verge extra Aureum 100% Farg 250 ml. Descobreix aquest selecte OOVE monovarietal de disseny.\" \/>\n<meta property=\"og:url\" content=\"https:\/\/www.olisoldebre.com\/ca\/producto\/aureum-100-farg-250-ml\/\" \/>\n<meta property=\"og:site_name\" content=\"oliSoldebre\" \/>\n<meta property=\"article:modified_time\" content=\"2018-05-03T08:53:05+00:00\" \/>\n<meta property=\"og:image\" content=\"https:\/\/www.olisoldebre.com\/wp-content\/uploads\/2017\/10\/FARG-1-1.jpg\" \/>\n\t<meta property=\"og:image:width\" content=\"600\" \/>\n\t<meta property=\"og:image:height\" content=\"600\" \/>\n\t<meta property=\"og:image:type\" content=\"image\/jpeg\" \/>\n<meta name=\"twitter:card\" content=\"summary_large_image\" \/>\n<meta name=\"twitter:label1\" content=\"Temps estimat de lectura\" \/>\n\t<meta name=\"twitter:data1\" content=\"2 minuts\" \/>\n<script type=\"application\/ld+json\" class=\"yoast-schema-graph\">{\"@context\":\"https:\/\/schema.org\",\"@graph\":[{\"@type\":\"WebPage\",\"@id\":\"https:\/\/www.olisoldebre.com\/ca\/producto\/aureum-100-farg-250-ml\/\",\"url\":\"https:\/\/www.olisoldebre.com\/ca\/producto\/aureum-100-farg-250-ml\/\",\"name\":\"Oli d'oliva verge extra Aureum 100% Farg 250 ml - OliSoldebre\",\"isPartOf\":{\"@id\":\"https:\/\/www.olisoldebre.com\/#website\"},\"primaryImageOfPage\":{\"@id\":\"https:\/\/www.olisoldebre.com\/ca\/producto\/aureum-100-farg-250-ml\/#primaryimage\"},\"image\":{\"@id\":\"https:\/\/www.olisoldebre.com\/ca\/producto\/aureum-100-farg-250-ml\/#primaryimage\"},\"thumbnailUrl\":\"https:\/\/www.olisoldebre.com\/wp-content\/uploads\/2017\/10\/FARG-1-1.jpg\",\"datePublished\":\"2017-10-16T13:26:29+00:00\",\"dateModified\":\"2018-05-03T08:53:05+00:00\",\"description\":\"A la botiga en l\u00ednia OliSoldebre pots comprar oli d'oliva verge extra Aureum 100% Farg 250 ml. Descobreix aquest selecte OOVE monovarietal de disseny.\",\"breadcrumb\":{\"@id\":\"https:\/\/www.olisoldebre.com\/ca\/producto\/aureum-100-farg-250-ml\/#breadcrumb\"},\"inLanguage\":\"ca\",\"potentialAction\":[{\"@type\":\"ReadAction\",\"target\":[\"https:\/\/www.olisoldebre.com\/ca\/producto\/aureum-100-farg-250-ml\/\"]}]},{\"@type\":\"ImageObject\",\"inLanguage\":\"ca\",\"@id\":\"https:\/\/www.olisoldebre.com\/ca\/producto\/aureum-100-farg-250-ml\/#primaryimage\",\"url\":\"https:\/\/www.olisoldebre.com\/wp-content\/uploads\/2017\/10\/FARG-1-1.jpg\",\"contentUrl\":\"https:\/\/www.olisoldebre.com\/wp-content\/uploads\/2017\/10\/FARG-1-1.jpg\",\"width\":600,\"height\":600,\"caption\":\"Oli d'oliva verge extra Aureum 100% Farg\"},{\"@type\":\"BreadcrumbList\",\"@id\":\"https:\/\/www.olisoldebre.com\/ca\/producto\/aureum-100-farg-250-ml\/#breadcrumb\",\"itemListElement\":[{\"@type\":\"ListItem\",\"position\":1,\"name\":\"Portada\",\"item\":\"https:\/\/www.olisoldebre.com\/ca\/\"},{\"@type\":\"ListItem\",\"position\":2,\"name\":\"Botiga en l\u00ednia\",\"item\":\"https:\/\/www.olisoldebre.com\/ca\/botiga\/\"},{\"@type\":\"ListItem\",\"position\":3,\"name\":\"Oli d&#8217;oliva verge extra Aureum 100% Farg 250 ml\"}]},{\"@type\":\"WebSite\",\"@id\":\"https:\/\/www.olisoldebre.com\/#website\",\"url\":\"https:\/\/www.olisoldebre.com\/\",\"name\":\"oliSoldebre\",\"description\":\"\",\"potentialAction\":[{\"@type\":\"SearchAction\",\"target\":{\"@type\":\"EntryPoint\",\"urlTemplate\":\"https:\/\/www.olisoldebre.com\/?s={search_term_string}\"},\"query-input\":{\"@type\":\"PropertyValueSpecification\",\"valueRequired\":true,\"valueName\":\"search_term_string\"}}],\"inLanguage\":\"ca\"}]}<\/script>\n<!-- \/ Yoast SEO plugin. -->","yoast_head_json":{"title":"Oli d'oliva verge extra Aureum 100% Farg 250 ml - OliSoldebre","description":"A la botiga en l\u00ednia OliSoldebre pots comprar oli d'oliva verge extra Aureum 100% Farg 250 ml. Descobreix aquest selecte OOVE monovarietal de disseny.","robots":{"index":"index","follow":"follow","max-snippet":"max-snippet:-1","max-image-preview":"max-image-preview:large","max-video-preview":"max-video-preview:-1"},"canonical":"https:\/\/www.olisoldebre.com\/ca\/producto\/aureum-100-farg-250-ml\/","og_locale":"ca_ES","og_type":"article","og_title":"Oli d'oliva verge extra Aureum 100% Farg 250 ml - OliSoldebre","og_description":"A la botiga en l\u00ednia OliSoldebre pots comprar oli d'oliva verge extra Aureum 100% Farg 250 ml. Descobreix aquest selecte OOVE monovarietal de disseny.","og_url":"https:\/\/www.olisoldebre.com\/ca\/producto\/aureum-100-farg-250-ml\/","og_site_name":"oliSoldebre","article_modified_time":"2018-05-03T08:53:05+00:00","og_image":[{"width":600,"height":600,"url":"https:\/\/www.olisoldebre.com\/wp-content\/uploads\/2017\/10\/FARG-1-1.jpg","type":"image\/jpeg"}],"twitter_card":"summary_large_image","twitter_misc":{"Temps estimat de lectura":"2 minuts"},"schema":{"@context":"https:\/\/schema.org","@graph":[{"@type":"WebPage","@id":"https:\/\/www.olisoldebre.com\/ca\/producto\/aureum-100-farg-250-ml\/","url":"https:\/\/www.olisoldebre.com\/ca\/producto\/aureum-100-farg-250-ml\/","name":"Oli d'oliva verge extra Aureum 100% Farg 250 ml - OliSoldebre","isPartOf":{"@id":"https:\/\/www.olisoldebre.com\/#website"},"primaryImageOfPage":{"@id":"https:\/\/www.olisoldebre.com\/ca\/producto\/aureum-100-farg-250-ml\/#primaryimage"},"image":{"@id":"https:\/\/www.olisoldebre.com\/ca\/producto\/aureum-100-farg-250-ml\/#primaryimage"},"thumbnailUrl":"https:\/\/www.olisoldebre.com\/wp-content\/uploads\/2017\/10\/FARG-1-1.jpg","datePublished":"2017-10-16T13:26:29+00:00","dateModified":"2018-05-03T08:53:05+00:00","description":"A la botiga en l\u00ednia OliSoldebre pots comprar oli d'oliva verge extra Aureum 100% Farg 250 ml. Descobreix aquest selecte OOVE monovarietal de disseny.","breadcrumb":{"@id":"https:\/\/www.olisoldebre.com\/ca\/producto\/aureum-100-farg-250-ml\/#breadcrumb"},"inLanguage":"ca","potentialAction":[{"@type":"ReadAction","target":["https:\/\/www.olisoldebre.com\/ca\/producto\/aureum-100-farg-250-ml\/"]}]},{"@type":"ImageObject","inLanguage":"ca","@id":"https:\/\/www.olisoldebre.com\/ca\/producto\/aureum-100-farg-250-ml\/#primaryimage","url":"https:\/\/www.olisoldebre.com\/wp-content\/uploads\/2017\/10\/FARG-1-1.jpg","contentUrl":"https:\/\/www.olisoldebre.com\/wp-content\/uploads\/2017\/10\/FARG-1-1.jpg","width":600,"height":600,"caption":"Oli d'oliva verge extra Aureum 100% Farg"},{"@type":"BreadcrumbList","@id":"https:\/\/www.olisoldebre.com\/ca\/producto\/aureum-100-farg-250-ml\/#breadcrumb","itemListElement":[{"@type":"ListItem","position":1,"name":"Portada","item":"https:\/\/www.olisoldebre.com\/ca\/"},{"@type":"ListItem","position":2,"name":"Botiga en l\u00ednia","item":"https:\/\/www.olisoldebre.com\/ca\/botiga\/"},{"@type":"ListItem","position":3,"name":"Oli d&#8217;oliva verge extra Aureum 100% Farg 250 ml"}]},{"@type":"WebSite","@id":"https:\/\/www.olisoldebre.com\/#website","url":"https:\/\/www.olisoldebre.com\/","name":"oliSoldebre","description":"","potentialAction":[{"@type":"SearchAction","target":{"@type":"EntryPoint","urlTemplate":"https:\/\/www.olisoldebre.com\/?s={search_term_string}"},"query-input":{"@type":"PropertyValueSpecification","valueRequired":true,"valueName":"search_term_string"}}],"inLanguage":"ca"}]}},"_links":{"self":[{"href":"https:\/\/www.olisoldebre.com\/ca\/wp-json\/wp\/v2\/product\/2652","targetHints":{"allow":["GET"]}}],"collection":[{"href":"https:\/\/www.olisoldebre.com\/ca\/wp-json\/wp\/v2\/product"}],"about":[{"href":"https:\/\/www.olisoldebre.com\/ca\/wp-json\/wp\/v2\/types\/product"}],"replies":[{"embeddable":true,"href":"https:\/\/www.olisoldebre.com\/ca\/wp-json\/wp\/v2\/comments?post=2652"}],"wp:featuredmedia":[{"embeddable":true,"href":"https:\/\/www.olisoldebre.com\/ca\/wp-json\/wp\/v2\/media\/2016"}],"wp:attachment":[{"href":"https:\/\/www.olisoldebre.com\/ca\/wp-json\/wp\/v2\/media?parent=2652"}],"wp:term":[{"taxonomy":"product_cat","embeddable":true,"href":"https:\/\/www.olisoldebre.com\/ca\/wp-json\/wp\/v2\/product_cat?post=2652"},{"taxonomy":"product_tag","embeddable":true,"href":"https:\/\/www.olisoldebre.com\/ca\/wp-json\/wp\/v2\/product_tag?post=2652"}],"curies":[{"name":"wp","href":"https:\/\/api.w.org\/{rel}","templated":true}]}}