{"id":2492,"date":"2016-06-10T12:21:23","date_gmt":"2016-06-10T12:21:23","guid":{"rendered":"https:\/\/www.olisoldebre.com\/blog\/"},"modified":"2018-05-02T17:36:10","modified_gmt":"2018-05-02T16:36:10","slug":"blog","status":"publish","type":"page","link":"https:\/\/www.olisoldebre.com\/ca\/blog\/","title":{"rendered":"Blog"},"content":{"rendered":"<style type=\"text\/css\">a.eg-henryharrison-element-1,a.eg-henryharrison-element-2{-webkit-transition:all .4s linear;   -moz-transition:all .4s linear;   -o-transition:all .4s linear;   -ms-transition:all .4s linear;   transition:all .4s linear}.eg-jimmy-carter-element-11 i:before{margin-left:0px; margin-right:0px}.eg-harding-element-17{letter-spacing:1px}.eg-harding-wrapper .esg-entry-media{overflow:hidden; box-sizing:border-box;   -webkit-box-sizing:border-box;   -moz-box-sizing:border-box;   padding:30px 30px 0px 30px}.eg-harding-wrapper .esg-entry-media img{overflow:hidden; border-radius:50%;   -webkit-border-radius:50%;   -moz-border-radius:50%}.eg-ulysses-s-grant-wrapper .esg-entry-media{overflow:hidden; box-sizing:border-box;   -webkit-box-sizing:border-box;   -moz-box-sizing:border-box;   padding:30px 30px 0px 30px}.eg-ulysses-s-grant-wrapper .esg-entry-media img{overflow:hidden; border-radius:50%;   -webkit-border-radius:50%;   -moz-border-radius:50%}.eg-richard-nixon-wrapper .esg-entry-media{overflow:hidden; box-sizing:border-box;   -webkit-box-sizing:border-box;   -moz-box-sizing:border-box;   padding:30px 30px 0px 30px}.eg-richard-nixon-wrapper .esg-entry-media img{overflow:hidden; border-radius:50%;   -webkit-border-radius:50%;   -moz-border-radius:50%}.eg-herbert-hoover-wrapper .esg-entry-media img{filter:url(\"data:image\/svg+xml;utf8,<svg xmlns='http:\/\/www.w3.org\/2000\/svg'><filter id='grayscale'><feColorMatrix type='matrix' values='0.3333 0.3333 0.3333 0 0 0.3333 0.3333 0.3333 0 0 0.3333 0.3333 0.3333 0 0 0 0 0 1 0'\/><\/filter><\/svg>#grayscale\");   filter:gray;   -webkit-filter:grayscale(100%)}.eg-herbert-hoover-wrapper:hover .esg-entry-media img{filter:url(\"data:image\/svg+xml;utf8,<svg xmlns='http:\/\/www.w3.org\/2000\/svg'><filter id='grayscale'><feColorMatrix type='matrix' values='1 0 0 0 0,0 1 0 0 0,0 0 1 0 0,0 0 0 1 0'\/><\/filter><\/svg>#grayscale\");  -webkit-filter:grayscale(0%)}.eg-lyndon-johnson-wrapper .esg-entry-media img{filter:url(\"data:image\/svg+xml;utf8,<svg xmlns='http:\/\/www.w3.org\/2000\/svg'><filter id='grayscale'><feColorMatrix type='matrix' values='0.3333 0.3333 0.3333 0 0 0.3333 0.3333 0.3333 0 0 0.3333 0.3333 0.3333 0 0 0 0 0 1 0'\/><\/filter><\/svg>#grayscale\");   filter:gray;   -webkit-filter:grayscale(100%)}.eg-lyndon-johnson-wrapper:hover .esg-entry-media img{filter:url(\"data:image\/svg+xml;utf8,<svg xmlns='http:\/\/www.w3.org\/2000\/svg'><filter id='grayscale'><feColorMatrix type='matrix' values='1 0 0 0 0,0 1 0 0 0,0 0 1 0 0,0 0 0 1 0'\/><\/filter><\/svg>#grayscale\");  -webkit-filter:grayscale(0%)}.esg-overlay.eg-ronald-reagan-container{background:-moz-linear-gradient(top,rgba(0,0,0,0) 50%,rgba(0,0,0,0.83) 99%,rgba(0,0,0,0.85) 100%); background:-webkit-gradient(linear,left top,left bottom,color-stop(50%,rgba(0,0,0,0)),color-stop(99%,rgba(0,0,0,0.83)),color-stop(100%,rgba(0,0,0,0.85))); background:-webkit-linear-gradient(top,rgba(0,0,0,0) 50%,rgba(0,0,0,0.83) 99%,rgba(0,0,0,0.85) 100%); background:-o-linear-gradient(top,rgba(0,0,0,0) 50%,rgba(0,0,0,0.83) 99%,rgba(0,0,0,0.85) 100%); background:-ms-linear-gradient(top,rgba(0,0,0,0) 50%,rgba(0,0,0,0.83) 99%,rgba(0,0,0,0.85) 100%); background:linear-gradient(to bottom,rgba(0,0,0,0) 50%,rgba(0,0,0,0.83) 99%,rgba(0,0,0,0.85) 100%); filter:progid:DXImageTransform.Microsoft.gradient( startColorstr='#00000000',endColorstr='#d9000000',GradientType=0 )}.eg-georgebush-wrapper .esg-entry-cover{background:-moz-linear-gradient(top,rgba(0,0,0,0) 50%,rgba(0,0,0,0.83) 99%,rgba(0,0,0,0.85) 100%); background:-webkit-gradient(linear,left top,left bottom,color-stop(50%,rgba(0,0,0,0)),color-stop(99%,rgba(0,0,0,0.83)),color-stop(100%,rgba(0,0,0,0.85))); background:-webkit-linear-gradient(top,rgba(0,0,0,0) 50%,rgba(0,0,0,0.83) 99%,rgba(0,0,0,0.85) 100%); background:-o-linear-gradient(top,rgba(0,0,0,0) 50%,rgba(0,0,0,0.83) 99%,rgba(0,0,0,0.85) 100%); background:-ms-linear-gradient(top,rgba(0,0,0,0) 50%,rgba(0,0,0,0.83) 99%,rgba(0,0,0,0.85) 100%); background:linear-gradient(to bottom,rgba(0,0,0,0) 50%,rgba(0,0,0,0.83) 99%,rgba(0,0,0,0.85) 100%); filter:progid:DXImageTransform.Microsoft.gradient( startColorstr='#00000000',endColorstr='#d9000000',GradientType=0 )}.eg-jefferson-wrapper{-webkit-border-radius:5px !important; -moz-border-radius:5px !important; border-radius:5px !important; -webkit-mask-image:url(data:image\/png;base64,iVBORw0KGgoAAAANSUhEUgAAAAEAAAABCAIAAACQd1PeAAAAGXRFWHRTb2Z0d2FyZQBBZG9iZSBJbWFnZVJlYWR5ccllPAAAAA5JREFUeNpiYGBgAAgwAAAEAAGbA+oJAAAAAElFTkSuQmCC) !important}.eg-monroe-element-1{text-shadow:0px 1px 3px rgba(0,0,0,0.1)}.eg-lyndon-johnson-wrapper .esg-entry-cover{background:-moz-radial-gradient(center,ellipse cover,rgba(0,0,0,0.35) 0%,rgba(18,18,18,0) 96%,rgba(19,19,19,0) 100%); background:-webkit-gradient(radial,center center,0px,center center,100%,color-stop(0%,rgba(0,0,0,0.35)),color-stop(96%,rgba(18,18,18,0)),color-stop(100%,rgba(19,19,19,0))); background:-webkit-radial-gradient(center,ellipse cover,rgba(0,0,0,0.35) 0%,rgba(18,18,18,0) 96%,rgba(19,19,19,0) 100%); background:-o-radial-gradient(center,ellipse cover,rgba(0,0,0,0.35) 0%,rgba(18,18,18,0) 96%,rgba(19,19,19,0) 100%); background:-ms-radial-gradient(center,ellipse cover,rgba(0,0,0,0.35) 0%,rgba(18,18,18,0) 96%,rgba(19,19,19,0) 100%); background:radial-gradient(ellipse at center,rgba(0,0,0,0.35) 0%,rgba(18,18,18,0) 96%,rgba(19,19,19,0) 100%); filter:progid:DXImageTransform.Microsoft.gradient( startColorstr='#59000000',endColorstr='#00131313',GradientType=1 )}.eg-wilbert-wrapper .esg-entry-cover{background:-moz-radial-gradient(center,ellipse cover,rgba(0,0,0,0.35) 0%,rgba(18,18,18,0) 96%,rgba(19,19,19,0) 100%); background:-webkit-gradient(radial,center center,0px,center center,100%,color-stop(0%,rgba(0,0,0,0.35)),color-stop(96%,rgba(18,18,18,0)),color-stop(100%,rgba(19,19,19,0))); background:-webkit-radial-gradient(center,ellipse cover,rgba(0,0,0,0.35) 0%,rgba(18,18,18,0) 96%,rgba(19,19,19,0) 100%); background:-o-radial-gradient(center,ellipse cover,rgba(0,0,0,0.35) 0%,rgba(18,18,18,0) 96%,rgba(19,19,19,0) 100%); background:-ms-radial-gradient(center,ellipse cover,rgba(0,0,0,0.35) 0%,rgba(18,18,18,0) 96%,rgba(19,19,19,0) 100%); background:radial-gradient(ellipse at center,rgba(0,0,0,0.35) 0%,rgba(18,18,18,0) 96%,rgba(19,19,19,0) 100%); filter:progid:DXImageTransform.Microsoft.gradient( startColorstr='#59000000',endColorstr='#00131313',GradientType=1 )}.eg-wilbert-wrapper .esg-entry-media img{-webkit-transition:0.4s ease-in-out;  -moz-transition:0.4s ease-in-out;  -o-transition:0.4s ease-in-out;  transition:0.4s ease-in-out;  filter:url(\"data:image\/svg+xml;utf8,<svg xmlns='http:\/\/www.w3.org\/2000\/svg'><filter id='grayscale'><feColorMatrix type='matrix' values='0.3333 0.3333 0.3333 0 0 0.3333 0.3333 0.3333 0 0 0.3333 0.3333 0.3333 0 0 0 0 0 1 0'\/><\/filter><\/svg>#grayscale\");   filter:gray;   -webkit-filter:grayscale(100%)}.eg-wilbert-wrapper:hover .esg-entry-media img{filter:url(\"data:image\/svg+xml;utf8,<svg xmlns='http:\/\/www.w3.org\/2000\/svg'><filter id='grayscale'><feColorMatrix type='matrix' values='1 0 0 0 0,0 1 0 0 0,0 0 1 0 0,0 0 0 1 0'\/><\/filter><\/svg>#grayscale\");  -webkit-filter:grayscale(0%)}.eg-phillie-element-3:after{content:\" \";width:0px;height:0px;border-style:solid;border-width:5px 5px 0 5px;border-color:#000 transparent transparent transparent;left:50%;margin-left:-5px; bottom:-5px; position:absolute}.eg-howardtaft-wrapper .esg-entry-media img,.eg-howardtaft-wrapper .esg-media-poster{filter:url(\"data:image\/svg+xml;utf8,<svg xmlns='http:\/\/www.w3.org\/2000\/svg'><filter id='grayscale'><feColorMatrix type='matrix' values='1 0 0 0 0,0 1 0 0 0,0 0 1 0 0,0 0 0 1 0'\/><\/filter><\/svg>#grayscale\");  -webkit-filter:grayscale(0%)}.eg-howardtaft-wrapper:hover .esg-entry-media img,.eg-howardtaft-wrapper:hover .esg-media-poster{filter:url(\"data:image\/svg+xml;utf8,<svg xmlns='http:\/\/www.w3.org\/2000\/svg'><filter id='grayscale'><feColorMatrix type='matrix' values='0.3333 0.3333 0.3333 0 0 0.3333 0.3333 0.3333 0 0 0.3333 0.3333 0.3333 0 0 0 0 0 1 0'\/><\/filter><\/svg>#grayscale\");   filter:gray;   -webkit-filter:grayscale(100%)}.myportfolio-container .added_to_cart.wc-forward{font-family:\"Open Sans\"; font-size:13px; color:#fff; margin-top:10px}.esgbox-title.esgbox-title-outside-wrap{font-size:15px; font-weight:700; text-align:center}.esgbox-title.esgbox-title-inside-wrap{padding-bottom:10px; font-size:15px; font-weight:700; text-align:center}.esg-content.eg-twitterstream-element-33-a{display:inline-block}.eg-twitterstream-element-35{word-break:break-all}.esg-overlay.eg-twitterstream-container{background:-moz-linear-gradient(top,rgba(0,0,0,0) 50%,rgba(0,0,0,0.83) 99%,rgba(0,0,0,0.85) 100%); background:-webkit-gradient(linear,left top,left bottom,color-stop(50%,rgba(0,0,0,0)),color-stop(99%,rgba(0,0,0,0.83)),color-stop(100%,rgba(0,0,0,0.85))); background:-webkit-linear-gradient(top,rgba(0,0,0,0) 50%,rgba(0,0,0,0.83) 99%,rgba(0,0,0,0.85) 100%); background:-o-linear-gradient(top,rgba(0,0,0,0) 50%,rgba(0,0,0,0.83) 99%,rgba(0,0,0,0.85) 100%); background:-ms-linear-gradient(top,rgba(0,0,0,0) 50%,rgba(0,0,0,0.83) 99%,rgba(0,0,0,0.85) 100%); background:linear-gradient(to bottom,rgba(0,0,0,0) 50%,rgba(0,0,0,0.83) 99%,rgba(0,0,0,0.85) 100%); filter:progid:DXImageTransform.Microsoft.gradient( startColorstr='#00000000',endColorstr='#d9000000',GradientType=0 )}.esg-content.eg-facebookstream-element-33-a{display:inline-block}.eg-facebookstream-element-0{word-break:break-all}.esg-overlay.eg-flickrstream-container{background:-moz-linear-gradient(top,rgba(0,0,0,0) 50%,rgba(0,0,0,0.83) 99%,rgba(0,0,0,0.85) 100%); background:-webkit-gradient(linear,left top,left bottom,color-stop(50%,rgba(0,0,0,0)),color-stop(99%,rgba(0,0,0,0.83)),color-stop(100%,rgba(0,0,0,0.85))); background:-webkit-linear-gradient(top,rgba(0,0,0,0) 50%,rgba(0,0,0,0.83) 99%,rgba(0,0,0,0.85) 100%); background:-o-linear-gradient(top,rgba(0,0,0,0) 50%,rgba(0,0,0,0.83) 99%,rgba(0,0,0,0.85) 100%); background:-ms-linear-gradient(top,rgba(0,0,0,0) 50%,rgba(0,0,0,0.83) 99%,rgba(0,0,0,0.85) 100%); background:linear-gradient(to bottom,rgba(0,0,0,0) 50%,rgba(0,0,0,0.83) 99%,rgba(0,0,0,0.85) 100%); filter:progid:DXImageTransform.Microsoft.gradient( startColorstr='#00000000',endColorstr='#d9000000',GradientType=0 )}<\/style>\n<style type=\"text\/css\">.minimal-light .navigationbuttons,.minimal-light .esg-pagination,.minimal-light .esg-filters{text-align:center}.minimal-light .esg-filterbutton,.minimal-light .esg-navigationbutton,.minimal-light .esg-sortbutton,.minimal-light .esg-cartbutton a{color:#999; margin-right:5px; cursor:pointer; padding:0px 16px; border:1px solid #e5e5e5; line-height:38px; border-radius:5px; -moz-border-radius:5px; -webkit-border-radius:5px; font-size:12px; font-weight:700; font-family:\"Open Sans\",sans-serif; display:inline-block; background:#fff; margin-bottom:5px}.minimal-light .esg-navigationbutton *{color:#999}.minimal-light .esg-navigationbutton{padding:0px 16px}.minimal-light .esg-pagination-button:last-child{margin-right:0}.minimal-light .esg-left,.minimal-light .esg-right{padding:0px 11px}.minimal-light .esg-sortbutton-wrapper,.minimal-light .esg-cartbutton-wrapper{display:inline-block}.minimal-light .esg-sortbutton-order,.minimal-light .esg-cartbutton-order{display:inline-block;  vertical-align:top;  border:1px solid #e5e5e5;  width:40px;  line-height:38px;  border-radius:0px 5px 5px 0px;  -moz-border-radius:0px 5px 5px 0px;  -webkit-border-radius:0px 5px 5px 0px;  font-size:12px;  font-weight:700;  color:#999;  cursor:pointer;  background:#fff}.minimal-light .esg-cartbutton{color:#333; cursor:default !important}.minimal-light .esg-cartbutton .esgicon-basket{color:#333;   font-size:15px;   line-height:15px;   margin-right:10px}.minimal-light .esg-cartbutton-wrapper{cursor:default !important}.minimal-light .esg-sortbutton,.minimal-light .esg-cartbutton{display:inline-block; position:relative; cursor:pointer; margin-right:0px; border-right:none; border-radius:5px 0px 0px 5px; -moz-border-radius:5px 0px 0px 5px; -webkit-border-radius:5px 0px 0px 5px}.minimal-light .esg-navigationbutton:hover,.minimal-light .esg-filterbutton:hover,.minimal-light .esg-sortbutton:hover,.minimal-light .esg-sortbutton-order:hover,.minimal-light .esg-cartbutton a:hover,.minimal-light .esg-filterbutton.selected{background-color:#fff;   border-color:#bbb;   color:#333;   box-shadow:0px 3px 5px 0px rgba(0,0,0,0.13)}.minimal-light .esg-navigationbutton:hover *{color:#333}.minimal-light .esg-sortbutton-order.tp-desc:hover{border-color:#bbb; color:#333; box-shadow:0px -3px 5px 0px rgba(0,0,0,0.13) !important}.minimal-light .esg-filter-checked{padding:1px 3px;  color:#cbcbcb;  background:#cbcbcb;  margin-left:7px;  font-size:9px;  font-weight:300;  line-height:9px;  vertical-align:middle}.minimal-light .esg-filterbutton.selected .esg-filter-checked,.minimal-light .esg-filterbutton:hover .esg-filter-checked{padding:1px 3px 1px 3px;  color:#fff;  background:#000;  margin-left:7px;  font-size:9px;  font-weight:300;  line-height:9px;  vertical-align:middle}<\/style>\n<style type=\"text\/css\">.eg-globals-element-10{font-size:20px !important; line-height:22px !important; color:#dcac2e !important; font-weight:700 !important; display:block !important; text-align:center !important; clear:none !important; margin:30pxpx 0px 0px 0px !important; padding:px 20px 0px 20px !important; border-radius:0px 0px 0px 0px !important; background:#ffffff !important; position:relative !important; z-index:2 !important; font-family:\"Raleway\" !important}.eg-globals-element-15{font-size:18px; line-height:20px; color:#dcac2e; font-weight:800; display:inline-block; float:none; clear:both; margin:15px 0px 0px 0px ; padding:0px 0px 0px 0px ; border-radius:0px 0px 0px 0px ; background:#0a0a0a; position:relative; z-index:2 !important; font-family:\"Raleway\"}.eg-globals-element-11{font-size:17px !important; line-height:22px !important; color:#000000 !important; font-weight:400 !important; padding:0px 20px 0px 20px !important; border-radius:0px 0px 0px 0px !important; background:#ffffff !important; z-index:2 !important; display:block; font-family:\"Raleway\" !important}<\/style>\n<style type=\"text\/css\"><\/style>\n<style type=\"text\/css\">.eg-globals-element-11-a{display:block !important; text-align:center !important; clear:none !important; margin:20px 0px 0px 0px !important; position:relative !important}<\/style>\n<style type=\"text\/css\">.eg-globals-container{background:#ffffff}<\/style>\n<style type=\"text\/css\">.eg-globals-content{background:#ffffff; padding:0px 0px 0px 0px; border-width:0px 0px 0px 0px; border-radius:0px 0px 0px 0px; border-color:transparent; border-style:none; text-align:left}<\/style>\n<style type=\"text\/css\">.esg-grid .mainul li.eg-globals-wrapper{background:#ffffff; padding:10px 10px 10px 10px; border-width:0px 0px 0px 0px; border-radius:0px 0px 0px 0px; border-color:#ffffff; border-style:none}<\/style>\n<style type=\"text\/css\">.esg-grid .mainul li.eg-globals-wrapper .esg-media-poster{background-size:cover; background-position:center center; background-repeat:no-repeat}<\/style>\n<!-- THE ESSENTIAL GRID 3.0.17.1 POST -->\n\n<article class=\"myportfolio-container esg-grid-wrap-container minimal-light esg-entry-skin-globals source_type_post\" id=\"esg-grid-2-1-wrap\" data-alias=\"Masonry\">\n\n   <div id=\"esg-grid-2-1\" class=\"esg-grid\" style=\"background: transparent;padding: 0px 0px 0px 0px ; box-sizing:border-box; -moz-box-sizing:border-box; -webkit-box-sizing:border-box;\">\n<ul>\n<li id=\"eg-2-post-id-2628_5593\" data-skin=\"globals\" class=\"filterall filter-noticies filter-aceite-de-oliva-virgen-extra filter-aureum filter-campana-del-aceite filter-campanya-de-loli filter-cast filter-cooperativa-soldebre filter-denominacio-dorigen-protegida filter-denominacion-de-origen-protegida filter-oli-doliva-verge-extra filter-select-cast filter-tortosa eg-globals-wrapper eg-post-id-2628\" data-date=\"1512064709\">\n    <div class=\"esg-media-cover-wrapper\">\n<div class=\"esg-entry-media\"><img decoding=\"async\" src=\"https:\/\/www.olisoldebre.com\/wp-content\/uploads\/2017\/07\/1.PRODUCTOS-CABECERA.jpg\" data-no-lazy=\"1\" alt=\"\" width=\"1228\" height=\"921\"><\/div>\n\n            <div class=\"esg-entry-cover\">\n\n                <div class=\"esg-overlay esg-transition eg-globals-container\" data-delay=\"0\" data-duration=\"default\" data-transition=\"esg-fade\"><\/div>\n\n\t\t\t\t<div class=\"esg-center eg-post-2628 eg-globals-element-10\">Soldebre arranca la campanya de l'oli amb la previsi\u00f3 de recollir entre 10 i 12 Mkg d'olives<\/div>\n\t\t\t\t<div class=\"esg-top eg-post-2628 eg-globals-element-15\">Soldebre arranca la campanya de l'oli amb la previsi\u00f3 de recollir entre 10 i 12 Mkg d'olives<\/div>\n              <div class=\"esg-top eg-globals-element-14 esg-none esg-clear esg-line-break\"><\/div>\n\t\t\t\t<div class=\"esg-center eg-post-2628 eg-globals-element-11\"><p><span style=\"font-weight: 400;\">La <strong>Cooperativa Soldebre<\/strong>, amb seu a <strong>Tortosa<\/strong>, ha comen\u00e7at aquesta setmana la campanya de recollida d&#8217;olives. Una campanya que es presenta molt semblant a la de l&#8217;any passat, amb previsions de recollir-ne entre 10 i 12 milions de quilos.<\/span><\/p>\n<p><span style=\"font-weight: 400;\">\u201cEnguany tocaria que fos un any de major producci\u00f3, pel mateix cicle de l&#8217;olivera, per\u00f2 a causa de la falta de pluges no en preveiem un increment de quilos respecte a la campanya anterior\u201d, apunta Pere Albacar, gerent de Soldebre, que destaca la bona qualitat del fruit, que no s&#8217;ha vist atacat per les plagues.<\/span><\/p>\n<p><span style=\"font-weight: 400;\">Actualment Soldebre comercialitza amb marca pr\u00f2pia entre el 30 i el 35% de l\u2019oli: el verge i el verge extra, sota les marques <strong>Cast<\/strong> i <strong>Select Cast<\/strong>, i l\u2019oli <strong>premium<\/strong> amb la marca <strong>Aureum<\/strong>, tots sota el paraigua de la <strong>denominaci\u00f3 d\u2019origen protegida<\/strong> oli d\u2019oliva Baix Ebre-Montsi\u00e0; la resta el ven a les grans empreses distribu\u00efdores de l\u2019Estat. <\/span><\/p>\n<p><span style=\"font-weight: 400;\">En la campanya de recollida d&#8217;olives d\u2019enguany es preveu incrementar un 20% la producci\u00f3 de la gamma premium, aix\u00ed com consolidar l\u2019oferta d\u2019olis monovarietals de les varietats m\u00e9s arrelades al territori (farga, sevillenca i morruda) i d\u2019altres com ara l\u2019arbequina o l\u2019arbo\u00e7ana.<\/span><\/p>\n<p><span style=\"font-weight: 400;\">El principal mercat de l\u2019oli de Soldebre continua sent l\u2019estatal, sobretot pel que fa a l\u2019oli a granel, mentre que l\u2019oli envasat amb marca pr\u00f2pia l\u2019exporta principalment a Alemanya, Anglaterra, Andorra, els Estats Units i la Xina, on distribueix oli a Hong Kong a trav\u00e9s d\u2019una plataforma en l\u00ednia. <\/span><\/p>\n<p><span style=\"font-weight: 400;\">Amb l\u2019objectiu de consolidar el mercat asi\u00e0tic, la cooperativa ha participat recentment en una missi\u00f3 comercial de la Cambra de Comer\u00e7 de Tortosa a Xangai, on es van convocar diverses reunions amb importadors i distribu\u00efdors del mercat xin\u00e8s.<\/span><\/p><\/div>\n           <\/div>\n   <\/div>\n\n<\/li>\n<li id=\"eg-2-post-id-2622_7500\" data-skin=\"globals\" class=\"filterall filter-noticies filter-aureum filter-cooperativa-soldebre filter-mercado-asiatico filter-mercat-asiatic filter-mision-comercial filter-missio-comercial filter-oli-de-gamma-alta filter-olisoldebre filter-productes-gurmet filter-select-cast filter-shanghai filter-xangai eg-globals-wrapper eg-post-id-2622\" data-date=\"1513875871\">\n    <div class=\"esg-media-cover-wrapper\">\n<div class=\"esg-entry-media\"><img decoding=\"async\" src=\"https:\/\/www.olisoldebre.com\/wp-content\/uploads\/2017\/12\/aceitesgamaaltaOliSoldebre_blog.jpg\" data-no-lazy=\"1\" alt=\"\" width=\"950\" height=\"862\"><\/div>\n\n            <div class=\"esg-entry-cover\">\n\n                <div class=\"esg-overlay esg-transition eg-globals-container\" data-delay=\"0\" data-duration=\"default\" data-transition=\"esg-fade\"><\/div>\n\n\t\t\t\t<div class=\"esg-center eg-post-2622 eg-globals-element-10\">L\u2019oli de gamma alta d'OliSoldebre busca consolidar el mercat asi\u00e0tic a Xangai<\/div>\n\t\t\t\t<div class=\"esg-top eg-post-2622 eg-globals-element-15\">L\u2019oli de gamma alta d'OliSoldebre busca consolidar el mercat asi\u00e0tic a Xangai<\/div>\n              <div class=\"esg-top eg-globals-element-14 esg-none esg-clear esg-line-break\"><\/div>\n\t\t\t\t<div class=\"esg-center eg-post-2622 eg-globals-element-11\"><p><span style=\"font-weight: 400;\">L&#8217;oli de gamma alta OliSoldebre de les marques <strong>Select Cast <\/strong>i<strong> Aureum<\/strong> ja \u00e9s present des de fa un temps a la Xina, un mercat amb un gran potencial que cada vegada valora m\u00e9s els productes europeus i la <strong>dieta mediterr\u00e0nia<\/strong>. Aquests olis d&#8217;oliva verge extra (<strong>OOVE<\/strong>) s&#8217;han fet un lloc en el mercat de <strong>Hong Kong<\/strong> a trav\u00e9s d&#8217;una plataforma de distribuci\u00f3 en l\u00ednia.<\/span><\/p>\n<p><span style=\"font-weight: 400;\">Ara la cooperativa Soldebre busca consolidar la seua pres\u00e8ncia a la <strong>Xina<\/strong> i per aix\u00f2 ha participat aquest mes d&#8217;octubre en una missi\u00f3 comercial organitzada per la Cambra de Comer\u00e7 de Tortosa a <strong>Xangai<\/strong>. L&#8217;objectiu \u00e9s que l&#8217;oli de gamma alta OliSoldebre, un oli d&#8217;oliva verge extra de qualitat m\u00e0xima, arribi als <strong>restaurants i botigues gurmet<\/strong> d&#8217;aquesta ciutat de m\u00e9s de 24 milions d&#8217;habitants.<\/span><\/p>\n<p><span style=\"font-weight: 400;\">Durant la <strong>missi\u00f3 comercial<\/strong>, que va durar cinc dies, es va posar en contacte les empreses participants amb diferents importadors i distribu\u00efdors de productes d&#8217;Espanya i de Catalunya a la Xina. La trobada va tindre lloc al restaurant Zeitgeist, on a part de les reunions tamb\u00e9 es va organitzar un tast d&#8217;oli i una petita fira de productes d&#8217;alimentaci\u00f3 i begudes gurmet de les Terres de l&#8217;Ebre, per la qual van passar unes 200 persones.<\/span><\/p>\n<p><span style=\"font-weight: 400;\">Es tracta d&#8217;una primera presa de contacte. Caldr\u00e0 veure els pr\u00f2xims mesos si fructifica i s&#8217;estableixen acords comercials amb alguna de les empreses que distribueixen <strong>productes gurmet<\/strong> en aquesta zona.<\/span><\/p><\/div>\n           <\/div>\n   <\/div>\n\n<\/li>\n<li id=\"eg-2-post-id-2611_4541\" data-skin=\"globals\" class=\"filterall filter-noticies filter-aceite-de-oliva filter-antioxidantes filter-dieta-mediterranea filter-jugo-del-olivo filter-predimed eg-globals-wrapper eg-post-id-2611\" data-date=\"1514893832\">\n    <div class=\"esg-media-cover-wrapper\">\n<div class=\"esg-entry-media\"><img decoding=\"async\" src=\"https:\/\/www.olisoldebre.com\/wp-content\/uploads\/2018\/01\/elaceitedeoliva_blogOlisoldebre.jpg\" data-no-lazy=\"1\" alt=\"\" width=\"950\" height=\"662\"><\/div>\n\n            <div class=\"esg-entry-cover\">\n\n                <div class=\"esg-overlay esg-transition eg-globals-container\" data-delay=\"0\" data-duration=\"default\" data-transition=\"esg-fade\"><\/div>\n\n\t\t\t\t<div class=\"esg-center eg-post-2611 eg-globals-element-10\">L'oli d'oliva, un dels pilars de la nostra gastronomia<\/div>\n\t\t\t\t<div class=\"esg-top eg-post-2611 eg-globals-element-15\">L'oli d'oliva, un dels pilars de la nostra gastronomia<\/div>\n              <div class=\"esg-top eg-globals-element-14 esg-none esg-clear esg-line-break\"><\/div>\n\t\t\t\t<div class=\"esg-center eg-post-2611 eg-globals-element-11-a\"><p>L&#8217;oli d&#8217;oliva \u00e9s un suc oli\u00f3s extret en fred de l&#8217;oliva, fruit de l&#8217;olivera. \u00c9s d&#8217;aroma perfumada i de color daurat o verd\u00f3s. La paraula oli deriva de l&#8217;\u00e0rab i significa \u201csuc de l&#8217;olivera\u201d. L&#8217;oli d&#8217;oliva \u00e9s un dels pilars de la nostra gastronomia, i t\u00e9 infinitat d&#8217;usos i propietats a m\u00e9s de les aliment\u00e0ries, com ara medicinals o cosm\u00e8tiques.<\/p>\n<p>Hi ha diverses raons cient\u00edfiques per a recomanar l&#8217;oli d&#8217;oliva com a greix culinari: <strong>no cont\u00e9 colesterol<\/strong> i t\u00e9 <strong>baix contingut d&#8217;\u00e0cids grassos saturats<\/strong>. El greix monoinsaturat que cont\u00e9 permet que sigui m\u00e9s resistent a la calor que els \u00e0cids grassos poliinsaturats dels olis de llavors, que es degraden amb m\u00e9s facilitat. Aix\u00ed, l&#8217;oli d&#8217;oliva es pot reutilitzar en fregits sense patir massa alteracions; resisteix b\u00e9 l&#8217;escalfor entre 210 i 220 \u00baC.<\/p>\n<p>L&#8217;oli d&#8217;oliva, sobretot si \u00e9s verge, cont\u00e9 quantitats apreciables de subst\u00e0ncies (betacarotens, alfatocoferol, polifenols) riques en <strong>antioxidants<\/strong>, que tenen un efecte protector davant l&#8217;oxidaci\u00f3, que es relaciona amb l&#8217;envelliment i amb reaccions implicades en malalties o degradacions del cos hum\u00e0.<\/p>\n<p>L&#8217;oli d&#8217;oliva provoca un augment del colesterol tipus HDL i un descens de l&#8217;LDL, responsable de l&#8217;acumulaci\u00f3 de dip\u00f2sits de colesterol en els vasos sanguinis, amb la conseg\u00fcent aparici\u00f3 de malalties coron\u00e0ries.<\/p>\n<p>L&#8217;oli d&#8217;oliva tamb\u00e9 t\u00e9 <strong>propietats antitromb\u00f2tiques<\/strong>, frena la formaci\u00f3 de la placa d&#8217;ateroma als vasos sanguinis, que derivaria en una obstrucci\u00f3 de les art\u00e8ries, segons l&#8217;estudi <a class=\"eg-globals-element-11 eg-post-2611\" href=\"http:\/\/predimed-es.weebly.com\/\" target=\"_blank\" rel=\"noopener\">Predimed<\/a> que analitza les propietats de la <strong>dieta mediterr\u00e0nia<\/strong>.<\/p>\n<p>El control metab\u00f2lic de la diabetis millora si se substitueix la tradicional dieta diab\u00e8tica baixa en hidrats de carboni per una dieta rica en greix monoinsaturat. Segons l&#8217;<a class=\"eg-globals-element-11 eg-post-2611\" href=\"http:\/\/www.diabetes.org\/es\/\" target=\"_blank\" rel=\"noopener\">American Diabetis Association<\/a> es demostra que el consum d&#8217;oli d&#8217;oliva regula la producci\u00f3 de la insulina pancre\u00e0tica, controla els nivells de glucosa i retarda el tractament amb medicaments en pacients recentment diagnosticats amb diabetis.<\/p>\n<p>L&#8217;oli d&#8217;oliva \u00e9s ric en <strong>vitamina K i E<\/strong>. La vitamina E \u00e9s un important antioxidant i la vitamina K ajuda a incrementar la densitat \u00f2ssia i a prevenir el desgast de les neurones del cervell.<\/p>\n<h2>L&#8217;oli d&#8217;oliva verge, el m\u00e0xim representant de la dieta mediterr\u00e0nia<\/h2>\n<p>Entre les nombroses propietats beneficioses per a la salut d&#8217;aquest patr\u00f3 alimentari, es pot destacar el tipus de greix que el caracteritza (oli d&#8217;oliva, peix i fruita seca), les proporcions en els nutrients principals que acompanyen les receptes (cereals i vegetals com a base dels plats i carns o similars com a \u201cguarnici\u00f3\u201d) i la riquesa en micronutrients que cont\u00e9, fruit de la utilitzaci\u00f3 de verdures de temporada, herbes arom\u00e0tiques i condiments.<\/p>\n<p>La dieta mediterr\u00e0nia s&#8217;ha imposat com a patr\u00f3 diet\u00e8tic pels seus efectes positius en la salut en general i concretament pel seu paper en la <strong>prevenci\u00f3 de les malalties cardiovasculars, c\u00e0ncer i diabetis<\/strong>. Estil de vida que tamb\u00e9 \u00e9s el responsable de proporcionar la seva raci\u00f3 di\u00e0ria de salut al cos i a la ment.<\/p>\n<p>La millor manera de consumir l&#8217;oli d&#8217;oliva verge per a preservar-ne les propietats \u00e9s en cru. Per a mantenir les seves propietats, s&#8217;ha de conservar preferiblement en un env\u00e0s de vidre fosc, mantenir-lo en un ambient fresc (18-19\u00baC) i amb tapa per a evitar-ne el contacte amb l&#8217;aire i la conseg\u00fcent oxidaci\u00f3.<\/p>\n<p><em><strong>Evelin Mascarell Ramos<\/strong><\/em>, nutricionista<\/p><\/div>\n           <\/div>\n   <\/div>\n\n<\/li>\n<li id=\"eg-2-post-id-2632_2254\" data-skin=\"globals\" class=\"filterall filter-noticies filter-programa-ticcamaras filter-tecnologies-de-la-informacio-i-la-comunicacio filter-tic eg-globals-wrapper eg-post-id-2632\" data-date=\"1516037619\">\n    <div class=\"esg-media-cover-wrapper\">\n<div class=\"esg-entry-media\"><img decoding=\"async\" src=\"https:\/\/www.olisoldebre.com\/wp-content\/uploads\/2018\/01\/pantalla.png\" data-no-lazy=\"1\" alt=\"\" width=\"482\" height=\"568\"><\/div>\n\n            <div class=\"esg-entry-cover\">\n\n                <div class=\"esg-overlay esg-transition eg-globals-container\" data-delay=\"0\" data-duration=\"default\" data-transition=\"esg-fade\"><\/div>\n\n\t\t\t\t<div class=\"esg-center eg-post-2632 eg-globals-element-10\">Soldebre ha estat adm\u00e8s al programa TICC\u00e1maras<\/div>\n\t\t\t\t<div class=\"esg-top eg-post-2632 eg-globals-element-15\">Soldebre ha estat adm\u00e8s al programa TICC\u00e1maras<\/div>\n              <div class=\"esg-top eg-globals-element-14 esg-none esg-clear esg-line-break\"><\/div>\n\t\t\t\t<div class=\"esg-center eg-post-2632 eg-globals-element-11\"><p><span style=\"font-weight: 400;\">El programa TICC\u00e1maras, cofinan\u00e7at pel FEDER 2014-2020 i aprovat per la Comissi\u00f3 Europea, t\u00e9 com a objectiu principal contribuir a la millora de la competitivitat de les PIME mitjan\u00e7ant l&#8217;adopci\u00f3 d&#8217;una cultura, \u00fas i aprofitament permanent de les tecnologies de la informaci\u00f3 i la comunicaci\u00f3 (TIC) en les seues estrat\u00e8gies empresarials per a aconseguir un bon creixement econ\u00f2mic.<\/span><\/p>\n<p><span style=\"font-weight: 400;\">Aquest programa contribueix a la consecuci\u00f3 de l&#8217;objectiu per a desenvolupar l&#8217;economia digital, incloent-hi el comer\u00e7 electr\u00f2nic, per al creixement, competitivitat i la internacionalitzaci\u00f3 de l&#8217;empresa.<\/span><\/p><\/div>\n           <\/div>\n   <\/div>\n\n<\/li>\n<li id=\"eg-2-post-id-2866_2362\" data-skin=\"globals\" class=\"filterall filter-noticies filter-ampolles-doli-dedicio-limitada filter-cursa-panxampla filter-soldebre eg-globals-wrapper eg-post-id-2866\" data-date=\"1524658443\">\n    <div class=\"esg-media-cover-wrapper\">\n<div class=\"esg-entry-media\"><img decoding=\"async\" src=\"https:\/\/www.olisoldebre.com\/wp-content\/uploads\/2018\/04\/etiqueta.jpg\" data-no-lazy=\"1\" alt=\"\" width=\"282\" height=\"297\"><\/div>\n\n            <div class=\"esg-entry-cover\">\n\n                <div class=\"esg-overlay esg-transition eg-globals-container\" data-delay=\"0\" data-duration=\"default\" data-transition=\"esg-fade\"><\/div>\n\n\t\t\t\t<div class=\"esg-center eg-post-2866 eg-globals-element-10\">Soldebre trau una edici\u00f3 limitada d\u2019ampolles d\u2019oli per a la Cursa Panxampla d\u2019Alfara de Carles<\/div>\n\t\t\t\t<div class=\"esg-top eg-post-2866 eg-globals-element-15\">Soldebre trau una edici\u00f3 limitada d\u2019ampolles d\u2019oli per a la Cursa Panxampla d\u2019Alfara de Carles<\/div>\n              <div class=\"esg-top eg-globals-element-14 esg-none esg-clear esg-line-break\"><\/div>\n\t\t\t\t<div class=\"esg-center eg-post-2866 eg-globals-element-11-a\"><p><img decoding=\"async\" class=\"alignnone wp-image-2863 size-medium\" src=\"https:\/\/www.olisoldebre.com\/wp-content\/uploads\/2018\/04\/Etiqueta-250-ml-350x207.jpg\" alt=\"Etiqueta de l'oli per a la Cursa Panxampla\" width=\"350\" height=\"207\" \/><\/p>\n<p>&nbsp;<\/p>\n<p>La Cooperativa Soldebre SCCL dona suport per segon any consecutiu a la Cursa Panxampla que des de fa nou anys organitza l\u2019Ajuntament d\u2019Alfara de Carles i l\u2019Associaci\u00f3 de Muntanyers d\u2019aquest municipi del Baix Ebre. Enguany tindr\u00e0 lloc els dies 5 i 6 de maig i la participaci\u00f3 de Soldebre hi ser\u00e0 m\u00e9s visible, ja que s\u2019ha fet una edici\u00f3 limitada d\u2019ampolles d\u2019oli d&#8217;oliva extra verge de les varietats farga, sevillenca i morruda de 250 ml, etiquetades amb el logotip de la cursa, com a obsequi per a tots els participants, i una altra de 750 ml per als guanyadors. \u201cFer esport \u00e9s fer salut i lliga perfectament amb la cultura de l\u2019oli d\u2019oliva i la dieta Mediterr\u00e0nia\u201d, apunta Pere Albacar, gerent de Soldebre, que tamb\u00e9 destaca el fet que la cursa es desenvolupe a Alfara de Carles, un municipi de poc m\u00e9s de 400 habitants, eminentment agr\u00edcola i on el conreu de l\u2019oliva \u00e9s una de les activitats principals. De fet, en l\u2019etiqueta, a banda del logotip de la cursa, que \u00e9s una cabra hisp\u00e0nica, tamb\u00e9 hi apareix una olivera amb dos corredors passant-hi pel costat.<\/p>\n<p>La Cursa Panxampla va n\u00e0ixer el 2009 amb l\u2019objectiu de fomentar l\u2019esport i alhora donar a con\u00e8ixer el territori, en aquest cas els espais del Port que va transitar el bandoler Panxampla, nascut a Alfara de Carles el 1857. \u201cS\u00f3n espais de gran bellesa i alhora de gran duresa, idonis per a una cursa de muntanya\u201d, assenyalen Gerard Villalb\u00ed i Tom\u00e0s Sabat\u00e9, membres de l\u2019organitzaci\u00f3. Aquesta competici\u00f3 consta de diferents proves: el quil\u00f2metre vertical, 5,1 quil\u00f2metres en 920 metres de desnivell, i la caminada popular de 10 quil\u00f2metres que es faran el dissabte, 5 de maig, i la carrera en l\u00ednia de 36 quil\u00f2metres en 3.000 metres de desnivell que es far\u00e0 el diumenge, 6 de maig, i que tamb\u00e9 inclou les categories j\u00fanior, cadet i invident. Incloses dins el Circuit de Curses de Muntanya de les Terres de l\u2019Ebre, tant la carrera en l\u00ednia com el quil\u00f2metre vertical de la Cursa Panxampla estan reconeguts per la Federaci\u00f3 Espanyola d\u2019Esports d\u2019Escalada i de Muntanya (FEDME) i formen part de la Copa Espanya. El quil\u00f2metre vertical, a m\u00e9s, enguany s\u2019ha fet internacional i s\u2019ha incorporat a la Skyrunner National Series, en la qual competeixen Espanya, Portugal i Andorra.<\/p>\n<p>Uns 90 voluntaris fan possible el desenvolupament d\u2019aquest esdeveniment esportiu que acaba en un dinar popular els dos dies \u2013fideuada dissabte i estofat de porc senglar diumenge- en un gran envelat muntat al camp de futbol d\u2019Alfara. Entre el quil\u00f2metre vertical, la carrera en l\u00ednia i la caminada es preveu que se superaran els 350 inscrits, amb noms coneguts dins el m\u00f3n de les curses de muntanya com l\u2019andorr\u00e0 Oscar Casalmir, que l\u2019ha guanyada fins a cinc vegades, i corredors d\u2019arreu de l\u2019Estat i de fora. \u201cEl que ve de m\u00e9s lluny \u00e9s un australi\u00e0\u201d, apunten els organitzadors.<\/p>\n<p>La punta de l\u2019Espina, les Rases del Maraco, les G\u00fabies de la Vall Figuera, Caro, el Toscar o els Pous de Neu, s\u00f3n alguns dels punts paisatg\u00edsticament m\u00e9s espectaculars que marquen el recorregut de les diferents proves. Podeu trobar tota la informaci\u00f3 sobre la cursa a <a class=\"eg-globals-element-11 eg-post-2866\" href=\"http:\/\/www.cursapanxampla.com\">www.cursapanxampla.com<\/a><\/p><\/div>\n           <\/div>\n   <\/div>\n\n<\/li>\n<li id=\"eg-2-post-id-2899_494\" data-skin=\"globals\" class=\"filterall filter-noticies filter-oli-doliva-verge-fruitat-verd-amarg filter-oli-morrut filter-premis-cdo filter-soldebre eg-globals-wrapper eg-post-id-2899\" data-date=\"1525283830\">\n    <div class=\"esg-media-cover-wrapper\">\n<div class=\"esg-entry-media\"><img decoding=\"async\" src=\"https:\/\/www.olisoldebre.com\/wp-content\/uploads\/2018\/05\/cdo_etiquetespremi-04.jpg\" data-no-lazy=\"1\" alt=\"\" width=\"354\" height=\"354\"><\/div>\n\n            <div class=\"esg-entry-cover\">\n\n                <div class=\"esg-overlay esg-transition eg-globals-container\" data-delay=\"0\" data-duration=\"default\" data-transition=\"esg-fade\"><\/div>\n\n\t\t\t\t<div class=\"esg-center eg-post-2899 eg-globals-element-10\">L\u2019oli morrut de Soldebre, reconegut als Premis CDO al millor oli d\u2019oliva verge extra 2017<\/div>\n\t\t\t\t<div class=\"esg-top eg-post-2899 eg-globals-element-15\">L\u2019oli morrut de Soldebre, reconegut als Premis CDO al millor oli d\u2019oliva verge extra 2017<\/div>\n              <div class=\"esg-top eg-globals-element-14 esg-none esg-clear esg-line-break\"><\/div>\n\t\t\t\t<div class=\"esg-center eg-post-2899 eg-globals-element-11\"><p><img decoding=\"async\" class=\"alignnone size-medium wp-image-2904\" src=\"https:\/\/www.olisoldebre.com\/wp-content\/uploads\/2018\/05\/logo-1-350x197.jpg\" alt=\"\" width=\"350\" height=\"197\" srcset=\"https:\/\/www.olisoldebre.com\/wp-content\/uploads\/2018\/05\/logo-1-350x197.jpg 350w, https:\/\/www.olisoldebre.com\/wp-content\/uploads\/2018\/05\/logo-1-600x338.jpg 600w, https:\/\/www.olisoldebre.com\/wp-content\/uploads\/2018\/05\/logo-1-768x432.jpg 768w, https:\/\/www.olisoldebre.com\/wp-content\/uploads\/2018\/05\/logo-1.jpg 1024w\" sizes=\"(max-width: 350px) 100vw, 350px\" \/><\/p>\n<p><img decoding=\"async\" class=\"alignnone size-medium wp-image-2018\" src=\"https:\/\/www.olisoldebre.com\/wp-content\/uploads\/2017\/10\/MORRUT-1-1-350x350.jpg\" alt=\"Oli d'oliva verge extra Aureum 100% Morrut 250 ml\" width=\"350\" height=\"350\" srcset=\"https:\/\/www.olisoldebre.com\/wp-content\/uploads\/2017\/10\/MORRUT-1-1-350x350.jpg 350w, https:\/\/www.olisoldebre.com\/wp-content\/uploads\/2017\/10\/MORRUT-1-1-300x300.jpg 300w, https:\/\/www.olisoldebre.com\/wp-content\/uploads\/2017\/10\/MORRUT-1-1-100x100.jpg 100w, https:\/\/www.olisoldebre.com\/wp-content\/uploads\/2017\/10\/MORRUT-1-1-200x200.jpg 200w, https:\/\/www.olisoldebre.com\/wp-content\/uploads\/2017\/10\/MORRUT-1-1.jpg 600w\" sizes=\"(max-width: 350px) 100vw, 350px\" \/><\/p>\n<p><em><strong>L\u2019oli morrut de Soldebre, reconegut als Premis CDO al millor oli d\u2019oliva verge extra 2017<\/strong><\/em><\/p>\n<p>L\u2019oli morrut de la Cooperativa Soldebre ha aconseguit un acc\u00e8ssit en la categoria Oli d\u2019Oliva Verge Fruitat Verd Amarg, en els premis atorgats pel Centre de Desenvolupament\u00a0 de l\u2019Oli (CDO). El CDO \u00e9s un ens gestionat per la Diputaci\u00f3 de Tarragona i per l\u2019Ajuntament de Reus que t\u00e9 com a principal objectiu ser un instrument de coneixement, promoci\u00f3 i revaloritzaci\u00f3 de la cultura de l\u2019olivera.<\/p>\n<p>Els <strong>Premis CDO al millor oli d\u2019oliva verge extra <\/strong>volen recon\u00e8ixer i valorar la feina ben feta pels productors d\u2019oli d\u2019oliva verge extra de les denominacions d\u2019origen protegida de les Terres de l\u2019Ebre i del Camp de Tarragona i distingir i potenciar els seus olis d\u2019oliva verge extra de major qualitat. Els Premis es lliuren des de l\u2019any 2006 en tres categories diferents: Millor Oli d\u2019Oliva Verge Fruitat Verd Amarg, Millor Oli d\u2019Oliva Verge Fruitat Verd Dol\u00e7 i Millor Oli d\u2019Oliva Verge Fruitat Madur. En tots tres es donen primer premi i acc\u00e8ssit. Pel que fa a l\u2019edici\u00f3 d\u2019enguany, hi han participat 23 alm\u00e0sseres d\u2019arreu de la demarcaci\u00f3.<\/p>\n<p>El lliurament dels guardons va tenir lloc divendres passat al Palau Bofarull de Reus, en un acte encap\u00e7alat pel president de la Diputaci\u00f3 de Tarragona, Josep Poblet, i per l\u2019alcalde\u00a0 reusenc, Carles Pellicer, entre altres representants territorials i de la Generalitat.<\/p><\/div>\n           <\/div>\n   <\/div>\n\n<\/li>\n<li id=\"eg-2-post-id-2989_6445\" data-skin=\"globals\" class=\"filterall filter-noticies eg-globals-wrapper eg-post-id-2989\" data-date=\"1529313912\">\n    <div class=\"esg-media-cover-wrapper\">\n<div class=\"esg-entry-media\"><img decoding=\"async\" src=\"https:\/\/www.olisoldebre.com\/wp-content\/uploads\/2018\/06\/IMG_5553-scaled.jpg\" data-no-lazy=\"1\" alt=\"\" width=\"2560\" height=\"1920\"><\/div>\n\n            <div class=\"esg-entry-cover\">\n\n                <div class=\"esg-overlay esg-transition eg-globals-container\" data-delay=\"0\" data-duration=\"default\" data-transition=\"esg-fade\"><\/div>\n\n\t\t\t\t<div class=\"esg-center eg-post-2989 eg-globals-element-10\">Primary Prevention of Cardiovascular Disease with a Mediterranean Diet Supplemented with Extra-Virgin Olive Oil or Nuts<\/div>\n\t\t\t\t<div class=\"esg-top eg-post-2989 eg-globals-element-15\">Primary Prevention of Cardiovascular Disease with a Mediterranean Diet Supplemented with Extra-Virgin Olive Oil or Nuts<\/div>\n              <div class=\"esg-top eg-globals-element-14 esg-none esg-clear esg-line-break\"><\/div>\n\t\t\t\t<div class=\"esg-center eg-post-2989 eg-globals-element-11-a\"><p><a class=\"eg-globals-element-11 eg-post-2989\" href=\"https:\/\/www.olisoldebre.com\/wp-content\/uploads\/2018\/06\/Primary-Prevention-of-Cardiovascular-Disease.pdf\">Primary Prevention of Cardiovascular Disease<\/a><\/p>\n<p><a class=\"eg-globals-element-11 eg-post-2989\" href=\"https:\/\/www.nejm.org\/doi\/pdf\/10.1056\/NEJMoa1800389\">https:\/\/www.nejm.org\/doi\/pdf\/10.1056\/NEJMoa1800389<\/a><\/p>\n<p>&nbsp;<\/p>\n<p><img decoding=\"async\" class=\"alignnone size-medium wp-image-2077\" src=\"https:\/\/www.olisoldebre.com\/wp-content\/uploads\/2016\/06\/cooperativa-soldebre-v6-350x239.jpg\" alt=\"\" width=\"350\" height=\"239\" srcset=\"https:\/\/www.olisoldebre.com\/wp-content\/uploads\/2016\/06\/cooperativa-soldebre-v6-350x239.jpg 350w, https:\/\/www.olisoldebre.com\/wp-content\/uploads\/2016\/06\/cooperativa-soldebre-v6-600x410.jpg 600w, https:\/\/www.olisoldebre.com\/wp-content\/uploads\/2016\/06\/cooperativa-soldebre-v6-768x525.jpg 768w, https:\/\/www.olisoldebre.com\/wp-content\/uploads\/2016\/06\/cooperativa-soldebre-v6-1250x854.jpg 1250w, https:\/\/www.olisoldebre.com\/wp-content\/uploads\/2016\/06\/cooperativa-soldebre-v6.jpg 1300w\" sizes=\"(max-width: 350px) 100vw, 350px\" \/><\/p><\/div>\n           <\/div>\n   <\/div>\n\n<\/li>\n<li id=\"eg-2-post-id-3076_7936\" data-skin=\"globals\" class=\"filterall filter-noticies eg-globals-wrapper eg-post-id-3076\" data-date=\"1538154474\">\n    <div class=\"esg-media-cover-wrapper\">\n<div class=\"esg-entry-media\"><img decoding=\"async\" src=\"https:\/\/www.olisoldebre.com\/wp-content\/uploads\/2018\/09\/morrut-flos-olei-aureum-aove.jpg\" data-no-lazy=\"1\" alt=\"FLOS OLEI\" width=\"1280\" height=\"720\"><\/div>\n\n            <div class=\"esg-entry-cover\">\n\n                <div class=\"esg-overlay esg-transition eg-globals-container\" data-delay=\"0\" data-duration=\"default\" data-transition=\"esg-fade\"><\/div>\n\n\t\t\t\t<div class=\"esg-center eg-post-3076 eg-globals-element-10\">FLOS OLEI 2019<\/div>\n\t\t\t\t<div class=\"esg-top eg-post-3076 eg-globals-element-15\">FLOS OLEI 2019<\/div>\n              <div class=\"esg-top eg-globals-element-14 esg-none esg-clear esg-line-break\"><\/div>\n\t\t\t\t<div class=\"esg-center eg-post-3076 eg-globals-element-11-a\"><h4><strong>La prestigiosa guia Flos Olei, inclou L\u2019Aureum Morrut de Soldebre entre els millors olis del m\u00f3n<\/strong><\/h4>\n<p>&nbsp;<\/p>\n<p><img decoding=\"async\" class=\"alignnone size-medium wp-image-3066\" src=\"https:\/\/www.olisoldebre.com\/wp-content\/uploads\/2018\/09\/2018-02-14-PHOTO-00000154-350x263.jpg\" alt=\"\" width=\"350\" height=\"263\" srcset=\"https:\/\/www.olisoldebre.com\/wp-content\/uploads\/2018\/09\/2018-02-14-PHOTO-00000154-350x263.jpg 350w, https:\/\/www.olisoldebre.com\/wp-content\/uploads\/2018\/09\/2018-02-14-PHOTO-00000154-600x450.jpg 600w, https:\/\/www.olisoldebre.com\/wp-content\/uploads\/2018\/09\/2018-02-14-PHOTO-00000154-768x576.jpg 768w, https:\/\/www.olisoldebre.com\/wp-content\/uploads\/2018\/09\/2018-02-14-PHOTO-00000154-1250x938.jpg 1250w, https:\/\/www.olisoldebre.com\/wp-content\/uploads\/2018\/09\/2018-02-14-PHOTO-00000154.jpg 1600w\" sizes=\"(max-width: 350px) 100vw, 350px\" \/><\/p>\n<p>La prestigiosa guia italiana Flos Olei, l\u2019equivalent en el m\u00f3n de l\u2019oli al que seria la guia Parker dels vins, ha incl\u00f2s l\u2019oli extra verge Aureum Morrut, de la Cooperativa Soldebre SCCL, entre els millors olis del m\u00f3n. \u201c\u00c9s el primer oli de la Denominaci\u00f3 d\u2019Origen Protegida Baix Ebre i Montsi\u00e0 en formar part d\u2019aquest r\u00e0nquing i aix\u00f2 ens permetr\u00e0 tenir m\u00e9s visibilitat al mercat internacional\u201d.<\/p>\n<p>Flos Olei \u00e9s la primera guia internacional dedicada a les empreses que produeixen oli d\u2019oliva extra verge de gamma alta i hi apareixen un total de 500 empreses de 52 pa\u00efsos i dels cinc continents. Tamb\u00e9 s\u2019inclou una cartografia del sector de l\u2019olivera a escala regional acompanyada d\u2019informaci\u00f3 hist\u00f2rica i cultural. L\u2019Aureum Morrut ha estat valorat amb 82 punts d\u2019un total de 99.<\/p>\n<p>La morruda \u00e9s una varietat minorit\u00e0ria molt arrelada a les Terres de l\u2019Ebre i l\u2019oli que s\u2019elabora \u00a0\u00e9s molt complex i permet detectar amb facilitat moltes sensacions olfacte-gustatives. Aquest oli ja va rebre l\u2019any passat un acc\u00e8ssit Millor oli d\u2019Oliva Verge extra Fruitat Verd Amarg del premi als millors oli que organitza La Diputaci\u00f3 de Tarragona juntament amb Centre de Desenvolupament de l\u2019Oli de Reus.<\/p>\n<p>&nbsp;<\/p>\n<p><a class=\"eg-globals-element-11 eg-post-3076\" href=\"http:\/\/www.flosolei.com\/\">http:\/\/www.flosolei.com\/<\/a><\/p><\/div>\n           <\/div>\n   <\/div>\n\n<\/li>\n<li id=\"eg-2-post-id-3319_3415\" data-skin=\"globals\" class=\"filterall filter-noticies filter-optional eg-globals-wrapper eg-post-id-3319\" data-date=\"1566212805\">\n    <div class=\"esg-media-cover-wrapper\">\n<div class=\"esg-entry-media\"><img decoding=\"async\" src=\"https:\/\/www.olisoldebre.com\/wp-content\/uploads\/2019\/08\/innocamaras.jpg\" data-no-lazy=\"1\" alt=\"\" width=\"360\" height=\"72\"><\/div>\n\n            <div class=\"esg-entry-cover\">\n\n                <div class=\"esg-overlay esg-transition eg-globals-container\" data-delay=\"0\" data-duration=\"default\" data-transition=\"esg-fade\"><\/div>\n\n\t\t\t\t<div class=\"esg-center eg-post-3319 eg-globals-element-10\">INNOC\u00c1MARAS<\/div>\n\t\t\t\t<div class=\"esg-top eg-post-3319 eg-globals-element-15\">INNOC\u00c1MARAS<\/div>\n              <div class=\"esg-top eg-globals-element-14 esg-none esg-clear esg-line-break\"><\/div>\n\t\t\t\t<div class=\"esg-center eg-post-3319 eg-globals-element-11\"><p>&nbsp;<\/p>\n<p><strong>Soldebre SCCL<\/strong> ha sido beneficiaria del Fondo Europeo de Desarrollo Regional cuyo objetivo es Potenciar la investigaci\u00f3n, el desarrollo tecnol\u00f3gico y la innovaci\u00f3n, y gracias a la mejora realizada, en material publicitario corporativo, para apoyar la creaci\u00f3n y consolidaci\u00f3n de empresas innovadoras. La actuaci\u00f3n se ha desarrollado durante el a\u00f1o 2018. Para ello ha contado con el apoyo del Programa InnoC\u00e1maras de la C\u00e1mara de Comercio de Tortosa.<\/p>\n<p>Una manera de hacer Europa<\/p>\n<p><img decoding=\"async\" class=\"alignnone size-medium wp-image-3313\" src=\"https:\/\/www.olisoldebre.com\/wp-content\/uploads\/2019\/08\/innocamaras-263x350.jpg\" alt=\"\" width=\"263\" height=\"350\" srcset=\"https:\/\/www.olisoldebre.com\/wp-content\/uploads\/2019\/08\/innocamaras-263x350.jpg 263w, https:\/\/www.olisoldebre.com\/wp-content\/uploads\/2019\/08\/innocamaras-600x800.jpg 600w\" sizes=\"(max-width: 263px) 100vw, 263px\" \/><\/p><\/div>\n           <\/div>\n   <\/div>\n\n<\/li>\n<li id=\"eg-2-post-id-3374_8581\" data-skin=\"globals\" class=\"filterall filter-noticies filter-coopsoldebre-ca filter-flosolei2019-ca filter-terresdelebre-ca filter-optional eg-globals-wrapper eg-post-id-3374\" data-date=\"1574687105\">\n    <div class=\"esg-media-cover-wrapper\">\n<div class=\"esg-entry-media\"><img decoding=\"async\" src=\"https:\/\/www.olisoldebre.com\/wp-content\/uploads\/2019\/11\/flosolei-2020-cover-filo-ENG-1.jpg\" data-no-lazy=\"1\" alt=\"\" width=\"200\" height=\"300\"><\/div>\n\n            <div class=\"esg-entry-cover\">\n\n                <div class=\"esg-overlay esg-transition eg-globals-container\" data-delay=\"0\" data-duration=\"default\" data-transition=\"esg-fade\"><\/div>\n\n\t\t\t\t<div class=\"esg-center eg-post-3374 eg-globals-element-10\">Flos Olei 2020 - AUREUM SEVILLENC<\/div>\n\t\t\t\t<div class=\"esg-top eg-post-3374 eg-globals-element-15\">Flos Olei 2020 - AUREUM SEVILLENC<\/div>\n              <div class=\"esg-top eg-globals-element-14 esg-none esg-clear esg-line-break\"><\/div>\n\t\t\t\t<div class=\"esg-center eg-post-3374 eg-globals-element-11\"><p><strong>Flos Olei\u00a02020<\/strong><\/p>\n<p><strong>Guida al mondo dell\u2019extravergine.<\/strong><\/p>\n<p>\u00c8 la prima Guida a respiro internazionale dedicata alle aziende di produzione olearia di tutto il mondo e ai loro oli extravergine di oliva selezionati, con criteri di assoluto rigore, da un panel di esperti assaggiatori coordinato da Marco Oreggia, curatore e insieme editore del volume.<\/p>\n<p><img decoding=\"async\" class=\"alignnone size-medium wp-image-3367\" src=\"https:\/\/www.olisoldebre.com\/wp-content\/uploads\/2019\/11\/FLOSOLEI2019SEVILLENC-350x197.jpg\" alt=\"\" width=\"350\" height=\"197\" srcset=\"https:\/\/www.olisoldebre.com\/wp-content\/uploads\/2019\/11\/FLOSOLEI2019SEVILLENC-350x197.jpg 350w, https:\/\/www.olisoldebre.com\/wp-content\/uploads\/2019\/11\/FLOSOLEI2019SEVILLENC-600x338.jpg 600w, https:\/\/www.olisoldebre.com\/wp-content\/uploads\/2019\/11\/FLOSOLEI2019SEVILLENC-768x432.jpg 768w, https:\/\/www.olisoldebre.com\/wp-content\/uploads\/2019\/11\/FLOSOLEI2019SEVILLENC-1250x703.jpg 1250w, https:\/\/www.olisoldebre.com\/wp-content\/uploads\/2019\/11\/FLOSOLEI2019SEVILLENC.jpg 1280w\" sizes=\"(max-width: 350px) 100vw, 350px\" \/><\/p>\n<p>Realizzata direttamente in duplice lingua\u00a0(italiano-inglese e italiano-cinese), la Guida presenta\u00a053\u00a0paesi selezionati su\u00a05 continenti. Italia e Spagna hanno inoltre una mappatura del comparto olivicolo su base regionale, corredata da informazioni storiche, culturali, dati di produzione, variet\u00e0 tipiche e aree tutelate da denominazione.<\/p><\/div>\n           <\/div>\n   <\/div>\n\n<\/li>\n<li id=\"eg-2-post-id-3412_8014\" data-skin=\"globals\" class=\"filterall filter-noticies filter-optional eg-globals-wrapper eg-post-id-3412\" data-date=\"1578565053\">\n    <div class=\"esg-media-cover-wrapper\">\n<div class=\"esg-entry-media\"><img decoding=\"async\" src=\"https:\/\/www.olisoldebre.com\/wp-content\/uploads\/2020\/01\/AOVE-CAST.jpg\" data-no-lazy=\"1\" alt=\"\" width=\"200\" height=\"200\"><\/div>\n\n            <div class=\"esg-entry-cover\">\n\n                <div class=\"esg-overlay esg-transition eg-globals-container\" data-delay=\"0\" data-duration=\"default\" data-transition=\"esg-fade\"><\/div>\n\n\t\t\t\t<div class=\"esg-center eg-post-3412 eg-globals-element-10\">La Dieta Mediterr\u00e1nea calificada como la mejor del mundo<\/div>\n\t\t\t\t<div class=\"esg-top eg-post-3412 eg-globals-element-15\">La Dieta Mediterr\u00e1nea calificada como la mejor del mundo<\/div>\n              <div class=\"esg-top eg-globals-element-14 esg-none esg-clear esg-line-break\"><\/div>\n\t\t\t\t<div class=\"esg-center eg-post-3412 eg-globals-element-11-a\"><h1>La Dieta Mediterr\u00e1nea calificada como la mejor del mundo<\/h1>\n<h4>Entre las 35 dietas m\u00e1s populares<\/h4>\n<form id=\"aspnetForm\" action=\".\/a0be02c8839613ef093c41078662bd07?urlf=la-dieta-mediterranea-calificada-como-la-mejor-del-mundo&amp;cod=a0be02c8839613ef093c41078662bd07\" method=\"post\" name=\"aspnetForm\">\n<div class=\"page container\">\n<div class=\"row\">\n<div class=\"main col-xs-12 col-sm-8 col-md-8 col-lg-8\">\n<div class=\"articleContainer\">\n<div class=\"txtNew article-body\">Olimerca.- La Dieta Mediterr\u00e1nea ha sido catalogada como la mejor del mundo seg\u00fan la publicaci\u00f3n norteamericana US News &amp; World Report, que ha divulgado un estudio realizado por un panel de expertos en salud, incluidos nutricionistas y especialistas en diabetes, salud card\u00edaca, comportamiento humano y p\u00e9rdida de peso, que ha evaluado las 35 dietas m\u00e1s populares del mundo.Para elaborar este estudio, los expertos han analizado aspectos como la salud y el estado f\u00edsico que proporcionan las diferentes dietas m\u00e1s populares, destacando la Mediterr\u00e1nea que obtiene la m\u00e1xima puntuaci\u00f3n en todos ellos.Colocan a nuestra dieta como la mejor a nivel general, la mejor tambi\u00e9n para enfermedades como la diabetes o cardiovasculares, obtiene la m\u00e1xima puntuaci\u00f3n en cuanto a que ofrece una alimentaci\u00f3n saludable, dado que incluye el aceite de oliva virgen extra y es la mejor tambi\u00e9n en base a la cantidad de frutas y verduras que contempla y es calificada como la m\u00e1s f\u00e1cil de seguir.Seg\u00fan esta publicaci\u00f3n, las mejores dietas son f\u00e1ciles de seguir y nutritivas, adem\u00e1s de efectivas para perder peso y prevenir la diabetes y las enfermedades card\u00edacas, y aspectos que la Mediterr\u00e1nea cumple.<\/div>\n<\/div>\n<\/div>\n<\/div>\n<div>\n<div id=\"attachment_3408\" style=\"width: 210px\" class=\"wp-caption alignnone\"><img decoding=\"async\" aria-describedby=\"caption-attachment-3408\" class=\"size-full wp-image-3408\" src=\"https:\/\/www.olisoldebre.com\/wp-content\/uploads\/2020\/01\/AOVE-CAST.jpg\" alt=\"\" width=\"200\" height=\"200\" srcset=\"https:\/\/www.olisoldebre.com\/wp-content\/uploads\/2020\/01\/AOVE-CAST.jpg 200w, https:\/\/www.olisoldebre.com\/wp-content\/uploads\/2020\/01\/AOVE-CAST-100x100.jpg 100w\" sizes=\"(max-width: 200px) 100vw, 200px\" \/><p id=\"caption-attachment-3408\" class=\"wp-caption-text\">OLI D&#8217;OLIVA VERGE EXTRA SELECT CAST<\/p><\/div>\n<\/div>\n<div class=\"row\">\n<div class=\"main col-xs-12 col-sm-8 col-md-8 col-lg-8\">\n<div><\/div>\n<div><a class=\"eg-globals-element-11 eg-post-3412\" href=\"https:\/\/www.olimerca.com\/noticiadet.aspx?urlf=la-dieta-mediterranea-calificada-como-la-mejor-del-mundo&amp;cod=a0be02c8839613ef093c41078662bd07\">https:\/\/www.olimerca.com\/noticiadet.aspx?urlf=la-dieta-mediterranea-calificada-como-la-mejor-del-mundo&amp;cod=a0be02c8839613ef093c41078662bd07<\/a><\/div>\n<div><\/div>\n<\/div>\n<\/div>\n<\/div>\n<\/form><\/div>\n           <\/div>\n   <\/div>\n\n<\/li>\n<li id=\"eg-2-post-id-3419_1776\" data-skin=\"globals\" class=\"filterall filter-noticies filter-optional eg-globals-wrapper eg-post-id-3419\" data-date=\"1579018328\">\n    <div class=\"esg-media-cover-wrapper\">\n<div class=\"esg-entry-media\"><img decoding=\"async\" src=\"https:\/\/www.olisoldebre.com\/wp-content\/uploads\/2020\/01\/Sab\u00f3-artesanal-portada-CATALA-1.png\" data-no-lazy=\"1\" alt=\"\" width=\"1024\" height=\"768\"><\/div>\n\n            <div class=\"esg-entry-cover\">\n\n                <div class=\"esg-overlay esg-transition eg-globals-container\" data-delay=\"0\" data-duration=\"default\" data-transition=\"esg-fade\"><\/div>\n\n\t\t\t\t<div class=\"esg-center eg-post-3419 eg-globals-element-10\">SAB\u00d3 ARTESANAL AMB OLI D'OLIVA EXTRA VERGE<\/div>\n\t\t\t\t<div class=\"esg-top eg-post-3419 eg-globals-element-15\">SAB\u00d3 ARTESANAL AMB OLI D'OLIVA EXTRA VERGE<\/div>\n              <div class=\"esg-top eg-globals-element-14 esg-none esg-clear esg-line-break\"><\/div>\n\t\t\t\t<div class=\"esg-center eg-post-3419 eg-globals-element-11\"><h2>SAB\u00d3 ARTESANAL AMB OLI D&#8217;OLIVA EXTRA VERGE<\/h2>\n<p><img decoding=\"async\" class=\"alignnone wp-image-3447 size-large\" src=\"https:\/\/www.olisoldebre.com\/wp-content\/uploads\/2020\/01\/Sabo-artesanal-oli-extra-verge-oliva-horitzontal-CAT-1250x938.jpg\" alt=\"\" width=\"1170\" height=\"878\" srcset=\"https:\/\/www.olisoldebre.com\/wp-content\/uploads\/2020\/01\/Sabo-artesanal-oli-extra-verge-oliva-horitzontal-CAT-1250x938.jpg 1250w, https:\/\/www.olisoldebre.com\/wp-content\/uploads\/2020\/01\/Sabo-artesanal-oli-extra-verge-oliva-horitzontal-CAT-600x450.jpg 600w, https:\/\/www.olisoldebre.com\/wp-content\/uploads\/2020\/01\/Sabo-artesanal-oli-extra-verge-oliva-horitzontal-CAT-350x263.jpg 350w, https:\/\/www.olisoldebre.com\/wp-content\/uploads\/2020\/01\/Sabo-artesanal-oli-extra-verge-oliva-horitzontal-CAT-768x576.jpg 768w\" sizes=\"(max-width: 1170px) 100vw, 1170px\" \/><\/p>\n<p>&nbsp;<\/p><\/div>\n           <\/div>\n   <\/div>\n\n<\/li>\n<\/ul>\n    <\/div>\n\n<\/article>\n<div class=\"clear\"><\/div>\n<script type=\"text\/javascript\">\nvar essapi_2_1;\nfunction esginit_2_1() {\njQuery(document).ready(function() {\n  var lightboxOptions = {\n        margin : [0,0,0,0],\n        buttons : [\"share\",\"thumbs\",\"close\"],\n        infobar : true,\n        loop : true,\n        slideShow : {\"autoStart\": false, \"speed\": 3000},\n        videoAutoPlay : true,\n        animationEffect : \"fade\",\n        animationDuration : 500,\n        beforeShow: function(a, c) {\n          var i = 0,\n              multiple = false;\n          a = a.slides;\n          for(var b in a) {\n            i++;\n            if (i > 1) {\n              multiple = true;\n              break;\n            }\n          }\n          if (!multiple) jQuery(\"body\").addClass(\"esgbox-single\");\n          if (c.type === \"image\") jQuery(\".esgbox-button--zoom\").show();\n          if (c.contentType === \"html\") c.$slide.addClass(\"esgbox-slide--overflow-\" + c.opts.overflow);\n        },\n        beforeLoad: function(a, b) {\n          jQuery(\"body\").removeClass(\"esg-four-by-three\");\n          if (b.opts.$orig.data(\"ratio\") === \"4:3\") jQuery(\"body\").addClass(\"esg-four-by-three\");\n        },\n        afterLoad: function() {jQuery(window).trigger(\"resize.esglb\");},\n        afterClose : function() {jQuery(\"body\").removeClass(\"esgbox-hidearrows esgbox-single\");},\n        transitionEffect : \"fade\",\n        transitionDuration : 366,\n        hash : \"group\",\n        arrows : true,\n        wheel : false,\n        baseClass : \"esgbox-container-2\",\n        captionPosition : \"bottom\",\n        overflow : \"auto\",\n  };\n\n  jQuery(\"#esg-grid-2-1\").data(\"lightboxsettings\", lightboxOptions);\n\n  essapi_2_1 = jQuery(\"#esg-grid-2-1\").tpessential({\n        gridID:2,\n        layout:\"masonry\",\n        lazyLoad:\"off\",\n        row:4,\n        apiName: \"essapi_2_1\",\n        loadMoreAjaxToken:\"76d9b6bec8\",\n        loadMoreAjaxUrl:\"https:\/\/www.olisoldebre.com\/wp-admin\/admin-ajax.php\",\n        loadMoreAjaxAction:\"Essential_Grid_Front_request_ajax\",\n        ajaxContentTarget:\"ess-grid-ajax-container-\",\n        ajaxScrollToOffset:\"0\",\n        ajaxCloseButton:\"off\",\n        ajaxContentSliding:\"on\",\n        ajaxScrollToOnLoad:\"on\",\n        ajaxCallbackArgument:\"off\",\n        ajaxNavButton:\"off\",\n        ajaxCloseType:\"type1\",\n        ajaxCloseInner:\"false\",\n        ajaxCloseStyle:\"light\",\n        ajaxClosePosition:\"tr\",\n        space:5,\n        pageAnimation:\"fade\",\n        videoPlaybackInGrid: \"on\",\n        videoLoopInGrid: \"on\",\n        videoPlaybackOnHover: \"off\",\n        videoInlineMute: \"on\",\n        videoInlineControls: \"off\",\n        keepLayersInline: \"off\",\n        startAnimation: \"none\",\n        startAnimationSpeed: 1000,\n        startAnimationDelay: 100,\n        startAnimationType: \"item\",\n        animationType: \"item\",\n        paginationScrollToTop:\"off\",\n        paginationAutoplay:\"off\",\n        spinner:\"spinner0\",\n        minVisibleItems:3,\n        lightBoxMode:\"single\",\n        lightboxHash:\"group\",\n        lightboxPostMinWid:\"75%\",\n        lightboxPostMaxWid:\"75%\",\n        lightboxSpinner:\"off\",\n        lightBoxFeaturedImg:\"off\",\n        lightBoxPostTitle:\"off\",\n        lightBoxPostTitleTag:\"h2\",\n        lightboxMargin : \"0|0|0|0\",\n        lbContentPadding : \"0|0|0|0\",\n        lbContentOverflow : \"auto\",\n        animSpeed:1000,\n        delayBasic:1,\n        mainhoverdelay:1,\n        filterType:\"single\",\n        showDropFilter:\"hover\",\n        filterGroupClass:\"esg-fgc-2-0\",\n        filterNoMatch:\"No Items for the Selected Filter\",\n        filterDeepLink:\"off\",\n        hideMarkups: \"on\",\n        inViewport: true,\n        viewportBuffer: 20,\n        youtubeNoCookie:\"false\",\n        convertFilterMobile:false,\n        convertFilterMobileWidth:768,\n        paginationSwipe: \"off\",\n        paginationDragVer: \"on\",\n        pageSwipeThrottle: 30,\n        hideBlankItemsAt: \"1\",\n        responsiveEntries: [\n            { width:1900,amount:3,mmheight:0},\n            { width:1400,amount:3,mmheight:0},\n            { width:1170,amount:3,mmheight:0},\n            { width:1024,amount:2,mmheight:0},\n            { width:960,amount:3,mmheight:0},\n            { width:778,amount:2,mmheight:0},\n            { width:640,amount:2,mmheight:0},\n            { width:480,amount:1,mmheight:0},\n            ]\n  });\n\n\n});\n} \/\/ End of EsgInitScript\nvar once_2_1 = false;\nif (document.readyState === \"loading\") document.addEventListener('readystatechange',function() { if ((document.readyState === \"interactive\" || document.readyState === \"complete\") && !once_2_1 ) { once_2_1 = true; esginit_2_1();}}); else {once_2_1 = true; esginit_2_1();}\n<\/script>\n\n","protected":false},"excerpt":{"rendered":"SAB\u00d3 ARTESANAL AMB OLI D'OLIVA EXTRA VERGE &nbsp;","protected":false},"author":89,"featured_media":0,"parent":0,"menu_order":0,"comment_status":"closed","ping_status":"closed","template":"blog.php","meta":{"footnotes":""},"class_list":["post-2492","page","type-page","status-publish","hentry"],"yoast_head":"<!-- This site is optimized with the Yoast SEO plugin v26.8 - https:\/\/yoast.com\/product\/yoast-seo-wordpress\/ -->\n<title>Blog - Articles i not\u00edcies sobre el m\u00f3n de l&#039;oli - OliSoldebre<\/title>\n<meta name=\"description\" content=\"Al nostre blog trobareu articles i not\u00edcies relacionades amb el m\u00f3n de l&#039;oli d&#039;oliva. No us perdeu les \u00faltimes novetats, consells i receptes.\" \/>\n<meta name=\"robots\" content=\"index, follow, max-snippet:-1, max-image-preview:large, max-video-preview:-1\" \/>\n<link rel=\"canonical\" href=\"https:\/\/www.olisoldebre.com\/ca\/blog\/\" \/>\n<meta property=\"og:locale\" content=\"ca_ES\" \/>\n<meta property=\"og:type\" content=\"article\" \/>\n<meta property=\"og:title\" content=\"Blog - Articles i not\u00edcies sobre el m\u00f3n de l&#039;oli - OliSoldebre\" \/>\n<meta property=\"og:description\" content=\"Al nostre blog trobareu articles i not\u00edcies relacionades amb el m\u00f3n de l&#039;oli d&#039;oliva. No us perdeu les \u00faltimes novetats, consells i receptes.\" \/>\n<meta property=\"og:url\" content=\"https:\/\/www.olisoldebre.com\/ca\/blog\/\" \/>\n<meta property=\"og:site_name\" content=\"oliSoldebre\" \/>\n<meta property=\"article:modified_time\" content=\"2018-05-02T16:36:10+00:00\" \/>\n<meta name=\"twitter:card\" content=\"summary_large_image\" \/>\n<script type=\"application\/ld+json\" class=\"yoast-schema-graph\">{\"@context\":\"https:\/\/schema.org\",\"@graph\":[{\"@type\":\"WebPage\",\"@id\":\"https:\/\/www.olisoldebre.com\/ca\/blog\/\",\"url\":\"https:\/\/www.olisoldebre.com\/ca\/blog\/\",\"name\":\"Blog - Articles i not\u00edcies sobre el m\u00f3n de l'oli - OliSoldebre\",\"isPartOf\":{\"@id\":\"https:\/\/www.olisoldebre.com\/#website\"},\"datePublished\":\"2016-06-10T12:21:23+00:00\",\"dateModified\":\"2018-05-02T16:36:10+00:00\",\"description\":\"Al nostre blog trobareu articles i not\u00edcies relacionades amb el m\u00f3n de l'oli d'oliva. No us perdeu les \u00faltimes novetats, consells i receptes.\",\"breadcrumb\":{\"@id\":\"https:\/\/www.olisoldebre.com\/ca\/blog\/#breadcrumb\"},\"inLanguage\":\"ca\",\"potentialAction\":[{\"@type\":\"ReadAction\",\"target\":[\"https:\/\/www.olisoldebre.com\/ca\/blog\/\"]}]},{\"@type\":\"BreadcrumbList\",\"@id\":\"https:\/\/www.olisoldebre.com\/ca\/blog\/#breadcrumb\",\"itemListElement\":[{\"@type\":\"ListItem\",\"position\":1,\"name\":\"Portada\",\"item\":\"https:\/\/www.olisoldebre.com\/ca\/\"},{\"@type\":\"ListItem\",\"position\":2,\"name\":\"Blog\"}]},{\"@type\":\"WebSite\",\"@id\":\"https:\/\/www.olisoldebre.com\/#website\",\"url\":\"https:\/\/www.olisoldebre.com\/\",\"name\":\"oliSoldebre\",\"description\":\"\",\"potentialAction\":[{\"@type\":\"SearchAction\",\"target\":{\"@type\":\"EntryPoint\",\"urlTemplate\":\"https:\/\/www.olisoldebre.com\/?s={search_term_string}\"},\"query-input\":{\"@type\":\"PropertyValueSpecification\",\"valueRequired\":true,\"valueName\":\"search_term_string\"}}],\"inLanguage\":\"ca\"}]}<\/script>\n<!-- \/ Yoast SEO plugin. -->","yoast_head_json":{"title":"Blog - Articles i not\u00edcies sobre el m\u00f3n de l'oli - OliSoldebre","description":"Al nostre blog trobareu articles i not\u00edcies relacionades amb el m\u00f3n de l'oli d'oliva. No us perdeu les \u00faltimes novetats, consells i receptes.","robots":{"index":"index","follow":"follow","max-snippet":"max-snippet:-1","max-image-preview":"max-image-preview:large","max-video-preview":"max-video-preview:-1"},"canonical":"https:\/\/www.olisoldebre.com\/ca\/blog\/","og_locale":"ca_ES","og_type":"article","og_title":"Blog - Articles i not\u00edcies sobre el m\u00f3n de l'oli - OliSoldebre","og_description":"Al nostre blog trobareu articles i not\u00edcies relacionades amb el m\u00f3n de l'oli d'oliva. No us perdeu les \u00faltimes novetats, consells i receptes.","og_url":"https:\/\/www.olisoldebre.com\/ca\/blog\/","og_site_name":"oliSoldebre","article_modified_time":"2018-05-02T16:36:10+00:00","twitter_card":"summary_large_image","schema":{"@context":"https:\/\/schema.org","@graph":[{"@type":"WebPage","@id":"https:\/\/www.olisoldebre.com\/ca\/blog\/","url":"https:\/\/www.olisoldebre.com\/ca\/blog\/","name":"Blog - Articles i not\u00edcies sobre el m\u00f3n de l'oli - OliSoldebre","isPartOf":{"@id":"https:\/\/www.olisoldebre.com\/#website"},"datePublished":"2016-06-10T12:21:23+00:00","dateModified":"2018-05-02T16:36:10+00:00","description":"Al nostre blog trobareu articles i not\u00edcies relacionades amb el m\u00f3n de l'oli d'oliva. No us perdeu les \u00faltimes novetats, consells i receptes.","breadcrumb":{"@id":"https:\/\/www.olisoldebre.com\/ca\/blog\/#breadcrumb"},"inLanguage":"ca","potentialAction":[{"@type":"ReadAction","target":["https:\/\/www.olisoldebre.com\/ca\/blog\/"]}]},{"@type":"BreadcrumbList","@id":"https:\/\/www.olisoldebre.com\/ca\/blog\/#breadcrumb","itemListElement":[{"@type":"ListItem","position":1,"name":"Portada","item":"https:\/\/www.olisoldebre.com\/ca\/"},{"@type":"ListItem","position":2,"name":"Blog"}]},{"@type":"WebSite","@id":"https:\/\/www.olisoldebre.com\/#website","url":"https:\/\/www.olisoldebre.com\/","name":"oliSoldebre","description":"","potentialAction":[{"@type":"SearchAction","target":{"@type":"EntryPoint","urlTemplate":"https:\/\/www.olisoldebre.com\/?s={search_term_string}"},"query-input":{"@type":"PropertyValueSpecification","valueRequired":true,"valueName":"search_term_string"}}],"inLanguage":"ca"}]}},"_links":{"self":[{"href":"https:\/\/www.olisoldebre.com\/ca\/wp-json\/wp\/v2\/pages\/2492","targetHints":{"allow":["GET"]}}],"collection":[{"href":"https:\/\/www.olisoldebre.com\/ca\/wp-json\/wp\/v2\/pages"}],"about":[{"href":"https:\/\/www.olisoldebre.com\/ca\/wp-json\/wp\/v2\/types\/page"}],"author":[{"embeddable":true,"href":"https:\/\/www.olisoldebre.com\/ca\/wp-json\/wp\/v2\/users\/89"}],"replies":[{"embeddable":true,"href":"https:\/\/www.olisoldebre.com\/ca\/wp-json\/wp\/v2\/comments?post=2492"}],"version-history":[{"count":1,"href":"https:\/\/www.olisoldebre.com\/ca\/wp-json\/wp\/v2\/pages\/2492\/revisions"}],"predecessor-version":[{"id":2493,"href":"https:\/\/www.olisoldebre.com\/ca\/wp-json\/wp\/v2\/pages\/2492\/revisions\/2493"}],"wp:attachment":[{"href":"https:\/\/www.olisoldebre.com\/ca\/wp-json\/wp\/v2\/media?parent=2492"}],"curies":[{"name":"wp","href":"https:\/\/api.w.org\/{rel}","templated":true}]}}